{"id":43,"date":"2021-05-23T19:48:02","date_gmt":"2021-05-23T19:48:02","guid":{"rendered":"https:\/\/www.ecorallyemallorca.com\/?page_id=43"},"modified":"2023-12-31T11:01:45","modified_gmt":"2023-12-31T11:01:45","slug":"documentacion-eco-rallye-mallorca","status":"publish","type":"page","link":"https:\/\/www.ecorallyemallorca.com\/ca\/documentacion-eco-rallye-mallorca\/","title":{"rendered":"Documentaci\u00f3 Eco Rallye Mallorca"},"content":{"rendered":"<p>[et_pb_section fb_built=\u00bb1&#8243; _builder_version=\u00bb4.23.1&#8243; _module_preset=\u00bbdefault\u00bb background_color_gradient_direction=\u00bb245deg\u00bb background_enable_image=\u00bboff\u00bb background_enable_video_mp4=\u00bboff\u00bb min_height=\u00bb90vh\u00bb top_divider_style=\u00bbasymmetric\u00bb top_divider_color=\u00bbrgba(70,112,219,0.67)\u00bb bottom_divider_style=\u00bbasymmetric3&#8243; bottom_divider_color=\u00bbrgba(70,112,219,0.39)\u00bb hover_enabled=\u00bb0&#8243; background_color_phone=\u00bb#FFFFFF\u00bb background_last_edited=\u00bbon|phone\u00bb background_enable_color_phone=\u00bbon\u00bb global_colors_info=\u00bb{}\u00bb background_enable_video_webm=\u00bboff\u00bb sticky_enabled=\u00bb0&#8243;][et_pb_row _builder_version=\u00bb4.16&#8243; _module_preset=\u00bbdefault\u00bb global_colors_info=\u00bb{}\u00bb][et_pb_column type=\u00bb4_4&#8243; _builder_version=\u00bb4.16&#8243; _module_preset=\u00bbdefault\u00bb global_colors_info=\u00bb{}\u00bb][et_pb_text _builder_version=\u00bb4.17.4&#8243; _module_preset=\u00bbdefault\u00bb text_text_color=\u00bb#000000&#8243; text_font_size=\u00bb16px\u00bb header_font=\u00bb|700|||||||\u00bb header_text_align=\u00bbcenter\u00bb header_text_color=\u00bbgcid-0a1aa8e8-aa8a-41c3-ac08-6a75d86c50aa\u00bb width=\u00bb50%\u00bb module_alignment=\u00bbcenter\u00bb global_colors_info=\u00bb{%22gcid-0a1aa8e8-aa8a-41c3-ac08-6a75d86c50aa%22:%91%22header_text_color%22%93}\u00bb]<\/p>\n<h1 style=\"text-align: center;\">Documentaci\u00f3 Eco Rally Mallorca<\/h1>\n<p style=\"text-align: center;\">Consulta i descarrega la documentaci\u00f3 necess\u00e0ria per a la inscripci\u00f3, el roadmap i la resta d&#039;informaci\u00f3 relvante per a la competici\u00f3<\/p>\n<p>[\/et_pb_text][et_pb_image src=\u00bbhttps:\/\/www.ecorallyemallorca.com\/wp-content\/uploads\/2022\/05\/PLACA-ECO-RALLY-MALLORCA-2022.png\u00bb alt=\u00bbEco Rally Mallorca\u00bb title_text=\u00bbPLACA ECO RALLY MALLORCA 2022&#8243; _builder_version=\u00bb4.17.4&#8243; _module_preset=\u00bbdefault\u00bb width=\u00bb60%\u00bb module_alignment=\u00bbcenter\u00bb global_colors_info=\u00bb{}\u00bb transform_styles__hover_enabled=\u00bbon|hover\u00bb transform_scale__hover_enabled=\u00bbon|hover\u00bb transform_translate__hover_enabled=\u00bbon|desktop\u00bb transform_rotate__hover_enabled=\u00bbon|desktop\u00bb transform_skew__hover_enabled=\u00bbon|desktop\u00bb transform_origin__hover_enabled=\u00bbon|desktop\u00bb transform_scale__hover=\u00bb109%|109%\u00bb][\/et_pb_image][et_pb_button button_url=\u00bbhttps:\/\/www.ecorallyemallorca.com\/\u00bb button_text=\u00bbECO RALLYE MALLORCA 2022&#8243; button_alignment=\u00bbcenter\u00bb _builder_version=\u00bb4.17.4&#8243; _module_preset=\u00bbdefault\u00bb custom_button=\u00bbon\u00bb button_text_size=\u00bb15px\u00bb button_text_color=\u00bb#0C71C3&#8243; button_bg_color=\u00bbRGBA(0,0,0,0)\u00bb button_border_width=\u00bb1px\u00bb button_border_color=\u00bb#0C71C3&#8243; button_border_radius=\u00bb1px\u00bb button_letter_spacing=\u00bb6px\u00bb button_font=\u00bb|300||on|||||\u00bb button_icon=\u00bb&#x69;||divi||400&#8243; global_colors_info=\u00bb{}\u00bb button_text_color__hover_enabled=\u00bbon|hover\u00bb button_text_color__hover=\u00bb#8300E9&#8243; button_border_color__hover_enabled=\u00bbon|hover\u00bb button_border_color__hover=\u00bb#8300E9&#8243;][\/et_pb_button][et_pb_text _builder_version=\u00bb4.17.4&#8243; _module_preset=\u00bbdefault\u00bb text_text_color=\u00bb#000000&#8243; text_font_size=\u00bb16px\u00bb header_font=\u00bb|700|||||||\u00bb header_text_align=\u00bbcenter\u00bb header_text_color=\u00bbgcid-0a1aa8e8-aa8a-41c3-ac08-6a75d86c50aa\u00bb width=\u00bb50%\u00bb module_alignment=\u00bbcenter\u00bb global_colors_info=\u00bb{%22gcid-0a1aa8e8-aa8a-41c3-ac08-6a75d86c50aa%22:%91%22header_text_color%22%93}\u00bb]<\/p>\n<p style=\"text-align: center;\">Descarregar la <strong>Documentaci\u00f3 Eco Rally Mallorca<\/strong> 2022<\/p>\n<p>[\/et_pb_text][\/et_pb_column][\/et_pb_row][et_pb_row column_structure=\u00bb1_2,1_2\u2033 _builder_version=\u00bb4.16\u2033 _module_preset=\u00bbdefault\u00bb custom_padding=\u00bb13px|||||\u00bb global_colors_info=&quot;{}&quot;][et_pb_column type=&quot;1_2&quot; _builder_version=&quot;4.16&quot; _module_preset=&quot;default&quot; global_colors_info=&quot;{}&quot;][et_pb_text _builder_version=&quot;4.16&quot; _module_preset=\u00bb<div class='w3eden'><!-- WPDM Link Template: Default Template -->\n\n<div class=\"link-template-default card mb-2\">\n    <div class=\"card-body\">\n        <div class=\"media\">\n            <div class=\"mr-3 img-48\"><img decoding=\"async\" class=\"wpdm_icon\" alt=\"Icon\"   src=\"https:\/\/www.ecorallyemallorca.com\/wp-content\/plugins\/download-manager\/assets\/file-type-icons\/pdf.svg\" \/><\/div>\n            <div class=\"media-body\">\n                <h3 class=\"package-title\"><a href='https:\/\/www.ecorallyemallorca.com\/ca\/download\/inscripcion-rfeda-2022\/'>Inscripci\u00f3 RFEDA 2022<\/a><\/h3>\n                <div class=\"text-muted text-small\"><i class=\"fas fa-copy\"><\/i> 1 fitxer(s) <i class=\"fas fa-hdd ml-3\"><\/i> 688.70 KB<\/div>\n            <\/div>\n            <div class=\"ml-3\">\n                <a class='wpdm-download-link download-on-click btn btn-primary' rel='nofollow' href='#' data-downloadurl=\"https:\/\/www.ecorallyemallorca.com\/ca\/download\/inscripcion-rfeda-2022\/?wpdmdl=163&refresh=69f38aed375e71777568493\">Download<\/a>\n            <\/div>\n        <\/div>\n    <\/div>\n<\/div>\n\n<\/div>[\/et_pb_text][et_pb_text _builder_version=\u00bb4.17.4\u2033 _module_preset=\u00bbdefault\u00bb global_colors_info=\u00bb{}\u00bb]<\/p>\n<div class='w3eden'><!-- WPDM Link Template: Default Template -->\n\n<div class=\"link-template-default card mb-2\">\n    <div class=\"card-body\">\n        <div class=\"media\">\n            <div class=\"mr-3 img-48\"><img decoding=\"async\" class=\"wpdm_icon\" alt=\"Icon\"   src=\"https:\/\/www.ecorallyemallorca.com\/wp-content\/plugins\/download-manager\/assets\/file-type-icons\/pdf.svg\" \/><\/div>\n            <div class=\"media-body\">\n                <h3 class=\"package-title\"><a href='https:\/\/www.ecorallyemallorca.com\/ca\/download\/calibracion-2022\/'>Calibratge 2022<\/a><\/h3>\n                <div class=\"text-muted text-small\"><i class=\"fas fa-copy\"><\/i> 1 fitxer(s) <i class=\"fas fa-hdd ml-3\"><\/i> 715.19 KB<\/div>\n            <\/div>\n            <div class=\"ml-3\">\n                <a class='wpdm-download-link download-on-click btn btn-primary' rel='nofollow' href='#' data-downloadurl=\"https:\/\/www.ecorallyemallorca.com\/ca\/download\/calibracion-2022\/?wpdmdl=415&refresh=69f38aed39e361777568493\">Download<\/a>\n            <\/div>\n        <\/div>\n    <\/div>\n<\/div>\n\n<\/div>\n<p>[\/et_pb_text][et_pb_text _builder_version=\u00bb4.17.4\u2033 _module_preset=\u00bbdefault\u00bb global_colors_info=\u00bb{}\u00bb]<\/p>\n<div class='w3eden'><!-- WPDM Link Template: Default Template -->\n\n<div class=\"link-template-default card mb-2\">\n    <div class=\"card-body\">\n        <div class=\"media\">\n            <div class=\"mr-3 img-48\"><img decoding=\"async\" class=\"wpdm_icon\" alt=\"Icon\"   src=\"https:\/\/www.ecorallyemallorca.com\/wp-content\/plugins\/download-manager\/assets\/file-type-icons\/pdf.svg\" \/><\/div>\n            <div class=\"media-body\">\n                <h3 class=\"package-title\"><a href='https:\/\/www.ecorallyemallorca.com\/ca\/download\/relacion-con-los-participantes\/'>Relaci\u00f3 amb els participants<\/a><\/h3>\n                <div class=\"text-muted text-small\"><i class=\"fas fa-copy\"><\/i> 1 fitxer(s) <i class=\"fas fa-hdd ml-3\"><\/i> 498.15 KB<\/div>\n            <\/div>\n            <div class=\"ml-3\">\n                <a class='wpdm-download-link download-on-click btn btn-primary' rel='nofollow' href='#' data-downloadurl=\"https:\/\/www.ecorallyemallorca.com\/ca\/download\/relacion-con-los-participantes\/?wpdmdl=441&refresh=69f38aed3be1c1777568493\">Download<\/a>\n            <\/div>\n        <\/div>\n    <\/div>\n<\/div>\n\n<\/div>\n<p>[\/et_pb_text][et_pb_text _builder_version=\u00bb4.17.3\u2033 _module_preset=\u00bbdefault\u00bb global_colors_info=\u00bb{}\u00bb]<\/p>\n<div class='w3eden'><!-- WPDM Link Template: Default Template -->\n\n<div class=\"link-template-default card mb-2\">\n    <div class=\"card-body\">\n        <div class=\"media\">\n            <div class=\"mr-3 img-48\"><img decoding=\"async\" class=\"wpdm_icon\" alt=\"Icon\"   src=\"https:\/\/www.ecorallyemallorca.com\/wp-content\/plugins\/download-manager\/assets\/file-type-icons\/png.svg\" \/><\/div>\n            <div class=\"media-body\">\n                <h3 class=\"package-title\"><a href='https:\/\/www.ecorallyemallorca.com\/ca\/download\/placa-ecorally-2022-hd\/'>Placa Ecorally 2022 - HD<\/a><\/h3>\n                <div class=\"text-muted text-small\"><i class=\"fas fa-copy\"><\/i> 1 fitxer(s) <i class=\"fas fa-hdd ml-3\"><\/i> 579.65 KB<\/div>\n            <\/div>\n            <div class=\"ml-3\">\n                <a class='wpdm-download-link download-on-click btn btn-primary' rel='nofollow' href='#' data-downloadurl=\"https:\/\/www.ecorallyemallorca.com\/ca\/download\/placa-ecorally-2022-hd\/?wpdmdl=178&refresh=69f38aed3dfa61777568493\">Download<\/a>\n            <\/div>\n        <\/div>\n    <\/div>\n<\/div>\n\n<\/div>\n<p>[\/et_pb_text][\/et_pb_column][et_pb_column type=&quot;1_2&quot; _builder_version=&quot;4.16&quot; _module_preset=&quot;default&quot; global_colors_info=&quot;{}&quot;][et_pb_text _builder_version=&quot;4.16&quot; _module global_colors_info=\u00bb{}\u00bb]<div class='w3eden'><!-- WPDM Link Template: Default Template -->\n\n<div class=\"link-template-default card mb-2\">\n    <div class=\"card-body\">\n        <div class=\"media\">\n            <div class=\"mr-3 img-48\"><img decoding=\"async\" class=\"wpdm_icon\" alt=\"Icon\"   src=\"https:\/\/www.ecorallyemallorca.com\/wp-content\/plugins\/download-manager\/assets\/file-type-icons\/pdf.svg\" \/><\/div>\n            <div class=\"media-body\">\n                <h3 class=\"package-title\"><a href='https:\/\/www.ecorallyemallorca.com\/ca\/download\/reglamento-particular-2022\/'>Reglament Particular 2022<\/a><\/h3>\n                <div class=\"text-muted text-small\"><i class=\"fas fa-copy\"><\/i> 1 fitxer(s) <i class=\"fas fa-hdd ml-3\"><\/i> 8.53 MB<\/div>\n            <\/div>\n            <div class=\"ml-3\">\n                <a class='wpdm-download-link download-on-click btn btn-primary' rel='nofollow' href='#' data-downloadurl=\"https:\/\/www.ecorallyemallorca.com\/ca\/download\/reglamento-particular-2022\/?wpdmdl=162&refresh=69f38aed3fdf01777568493\">Download<\/a>\n            <\/div>\n        <\/div>\n    <\/div>\n<\/div>\n\n<\/div>[\/et_pb_text][et_pb_text _builder_version=\u00bb4.17.4\u2033 _module_preset=\u00bbdefault\u00bb global_colors_info=\u00bb{}\u00bb]<\/p>\n<div class='w3eden'><!-- WPDM Link Template: Default Template -->\n\n<div class=\"link-template-default card mb-2\">\n    <div class=\"card-body\">\n        <div class=\"media\">\n            <div class=\"mr-3 img-48\"><img decoding=\"async\" class=\"wpdm_icon\" alt=\"Icon\"   src=\"https:\/\/www.ecorallyemallorca.com\/wp-content\/plugins\/download-manager\/assets\/file-type-icons\/pdf.svg\" \/><\/div>\n            <div class=\"media-body\">\n                <h3 class=\"package-title\"><a href='https:\/\/www.ecorallyemallorca.com\/ca\/download\/medidas-2022\/'>Mesures 2022<\/a><\/h3>\n                <div class=\"text-muted text-small\"><i class=\"fas fa-copy\"><\/i> 1 fitxer(s) <i class=\"fas fa-hdd ml-3\"><\/i> 211.78 KB<\/div>\n            <\/div>\n            <div class=\"ml-3\">\n                <a class='wpdm-download-link download-on-click btn btn-primary' rel='nofollow' href='#' data-downloadurl=\"https:\/\/www.ecorallyemallorca.com\/ca\/download\/medidas-2022\/?wpdmdl=417&refresh=69f38aed416961777568493\">Download<\/a>\n            <\/div>\n        <\/div>\n    <\/div>\n<\/div>\n\n<\/div>\n<p>[\/et_pb_text][et_pb_text _builder_version=\u00bb4.17.4\u2033 _module_preset=\u00bbdefault\u00bb global_colors_info=\u00bb{}\u00bb]<\/p>\n<div class='w3eden'><!-- WPDM Link Template: Default Template -->\n\n<div class=\"link-template-default card mb-2\">\n    <div class=\"card-body\">\n        <div class=\"media\">\n            <div class=\"mr-3 img-48\"><img decoding=\"async\" class=\"wpdm_icon\" alt=\"Icon\"   src=\"https:\/\/www.ecorallyemallorca.com\/wp-content\/plugins\/download-manager\/assets\/file-type-icons\/pdf.svg\" \/><\/div>\n            <div class=\"media-body\">\n                <h3 class=\"package-title\"><a href='https:\/\/www.ecorallyemallorca.com\/ca\/download\/complemento-modificacion-programa-horario\/'>Complement Modificaci\u00f3 Programa-Horari<\/a><\/h3>\n                <div class=\"text-muted text-small\"><i class=\"fas fa-copy\"><\/i> 1 fitxer(s) <i class=\"fas fa-hdd ml-3\"><\/i> 870.04 KB<\/div>\n            <\/div>\n            <div class=\"ml-3\">\n                <a class='wpdm-download-link download-on-click btn btn-primary' rel='nofollow' href='#' data-downloadurl=\"https:\/\/www.ecorallyemallorca.com\/ca\/download\/complemento-modificacion-programa-horario\/?wpdmdl=443&refresh=69f38aed430351777568493\">Download<\/a>\n            <\/div>\n        <\/div>\n    <\/div>\n<\/div>\n\n<\/div>\n<p>[\/et_pb_text][et_pb_text _builder_version=\u00bb4.17.3\u2033 _module_preset=\u00bbdefault\u00bb global_colors_info=\u00bb{}\u00bb]<\/p>\n<div class='w3eden'><!-- WPDM Link Template: Default Template -->\n\n<div class=\"link-template-default card mb-2\">\n    <div class=\"card-body\">\n        <div class=\"media\">\n            <div class=\"mr-3 img-48\"><img decoding=\"async\" class=\"wpdm_icon\" alt=\"Icon\"   src=\"https:\/\/www.ecorallyemallorca.com\/wp-content\/plugins\/download-manager\/assets\/file-type-icons\/pdf.svg\" \/><\/div>\n            <div class=\"media-body\">\n                <h3 class=\"package-title\"><a href='https:\/\/www.ecorallyemallorca.com\/ca\/download\/ecorally-cartel-2022-hd\/'>Ecorally Cartel 2022 - HD<\/a><\/h3>\n                <div class=\"text-muted text-small\"><i class=\"fas fa-copy\"><\/i> 1 fitxer(s) <i class=\"fas fa-hdd ml-3\"><\/i> 2.92 MB<\/div>\n            <\/div>\n            <div class=\"ml-3\">\n                <a class='wpdm-download-link download-on-click btn btn-primary' rel='nofollow' href='#' data-downloadurl=\"https:\/\/www.ecorallyemallorca.com\/ca\/download\/ecorally-cartel-2022-hd\/?wpdmdl=179&refresh=69f38aed449e71777568493\">Download<\/a>\n            <\/div>\n        <\/div>\n    <\/div>\n<\/div>\n\n<\/div>\n<p>[\/et_pb_text][\/et_pb_column][\/et_pb_row][et_pb_row _builder_version=&quot;4.16&quot; _module_preset=&quot;default&quot; global_colors_info=&quot;{}&quot;][et_pb_column type=&quot;4_4&quot; _builder_version=\u00bb. global_colors_info=\u00bb{}\u00bb][et_pb_image src=\u00bbhttps:\/\/www.ecorallyemallorca.com\/wp-content\/uploads\/2022\/05\/Cartel-Eco-Rally-Mallorca-2022.jpg\u00bb alt=\u00bbEco ral\u00b7li Mallorca\u00bb title_text=\u00bbCartell Eco\u00bb _builder_version=&quot;4.17.4&quot; _module_preset=&quot;default&quot; height=&quot;761px&quot; global_colors_info=&quot;{}&quot;][\/et_pb_image][\/et_pb_column][\/et_pb_row][\/et_pb_section][et_pb_section _builder_version=\u00bb4.16\u2033 _module_preset=\u00bbdefault\u00bb background_color=\u00bb#383838\u2033 use_background_color_gradient=\u00bbon\u00bb background_color_gradient_stops=\u00bbrgba(0,0,0,0) 0%|rgba(0,0,0,0.28) 100%\u00bb background_color_gradient_start=\u00bbrgba(0,0,0,0)\u00bb background_color_gradient_end=\u00bbrgba(0,0,0,0.28)\u00bb global_colors_info=\u00bb{}\u00bb][et_pb_row _builder_version=\u00bb4.16\u2033 _module_preset=\u00bbdefault\u00bb type=&quot;4_4&quot; _builder_version=&quot;4.16&quot; _module_preset=&quot;default&quot; global_colors_info=&quot;{}&quot;][et_pb_text _builder_version=&quot;4.17.4&quot; _module_preset=&quot;default&quot; link_font=\u00bb|700||| link_text_color=&quot;#0C71C3&quot; header_2_font=\u00bb|300||||||| header_2_text_align=&quot;center&quot; header_2_text_color=&quot;rgba(255,255,255,0.82)&quot; global_colors_info=&quot;{}&quot; link_text_color__hover_enabled=&quot;on|hover&quot; link_text_color__hover=&quot;#0<\/p>\n<h2>Vols participar al <strong>ECO RAL\u00b7LI MALLORCA?<\/strong><\/h2>\n<h2>Contacta al <a href=\"tel: 34687 66 48 49\">687 66 48 49<\/a> &#8211; <a href=\"mailto:direccion@rlmaudiovisual.com\" target=\"_blank\" rel=\"noopener\">direccion@rlmaudiovisual.com<\/a><\/h2>\n<p>[\/et_pb_text][et_pb_button button_url=&quot;https:\/\/www.ecorallyemallorca.com\/&quot; button_text=&quot;Inici&quot; button_alignment=&quot;center&quot; _builder_version=&quot;4.16&quot; _module_preset=&quot;default&quot; custom_button= button_text_color=&quot;#0C71C3&quot; button_bg_color=&quot;RGBA(0,0,0,0)&quot; button_border_width=&quot;1px&quot; button_border_color=&quot;#0C71C3&quot; button_border_radius=&quot;1px&quot; button_font=\u00bb|300||on|||||\u00bb button_icon=\u00bbi||divi||400\u2033 global_colors_info=\u00bb{}\u00bb button_text_color__hover_enabled=\u00bbon|hover\u00bb button_text_color__hover=\u00bb#00ffc3\u2033 button_border_color__hover_enabled=\u00bbon|hover button_border_color__hover=&quot;#00FFC3&quot;][\/et_pb_button][\/et_pb_column][\/et_pb_row][et_pb_row column_structure=&quot;1_2,1_2&quot; _builder_version=&quot;4.16&quot; _module_preset=\u00bb global_colors_info=&quot;{}&quot;][et_pb_column type=&quot;1_2&quot; _builder_version=&quot;4.16&quot; _module_preset=&quot;default&quot; global_colors_info=&quot;{}&quot;][et_pb_text _builder_version=&quot;4.16&quot; _module_preset=\u00bbde link_text_color=&quot;#0C71C3&quot; text_orientation=&quot;center&quot; global_colors_info=&quot;{}&quot; link_text_color__hover_enabled=&quot;on|hover&quot; link_text_color__hover=&quot;#00FFC3&quot;]<\/p>\n<p><a href=\"https:\/\/www.ecorallyemallorca.com\/ca\/politica\/\" target=\"_blank\" rel=\"noopener\">Pol\u00edtica de Privadesa<\/a> &#8211; <a href=\"https:\/\/www.ecorallyemallorca.com\/ca\/politica\/\" target=\"_blank\" rel=\"noopener\">Cookies<\/a><\/p>\n<p>[\/et_pb_text][\/et_pb_column][et_pb_column type=&quot;1_2&quot; _builder_version=&quot;4.16&quot; _module_preset=&quot;default&quot; global_colors_info=&quot;{}&quot;][et_pb_text _builder_version=&quot;4.16&quot; _module text_text_color=&quot;#FFFFFF&quot; link_text_color=&quot;#0C71C3&quot; text_orientation=&quot;center&quot; global_colors_info=&quot;{}&quot; link_text_color__hover_enabled=&quot;on|hover&quot; link_text_color__hover=&quot;#00FFC<\/p>\n<p>Dissenyat po: <a href=\"https:\/\/www.rlmaudiovisual.com\/\" target=\"_blank\" rel=\"noopener\">RLM AUdiovisual<\/a><\/p>\n<p>[\/et_pb_text][\/et_pb_column][\/et_pb_row][\/et_pb_section]<\/p>","protected":false},"excerpt":{"rendered":"<p>Documentaci\u00f3 Eco Rally Mallorca Consulta i descarrega la documentaci\u00f3 necess\u00e0ria per a la inscripci\u00f3, roadmap i resta d&#039;informaci\u00f3 relvante per a la competici\u00f3Descarregar la Documentaci\u00f3 Eco Rally Mallorca 2022<div class='w3eden'><!-- WPDM Link Template: Default Template -->\n\n<div class=\"link-template-default card mb-2\">\n    <div class=\"card-body\">\n        <div class=\"media\">\n            <div class=\"mr-3 img-48\"><img decoding=\"async\" class=\"wpdm_icon\" alt=\"Icon\"   src=\"https:\/\/www.ecorallyemallorca.com\/wp-content\/plugins\/download-manager\/assets\/file-type-icons\/pdf.svg\" \/><\/div>\n            <div class=\"media-body\">\n                <h3 class=\"package-title\"><a href='https:\/\/www.ecorallyemallorca.com\/ca\/download\/inscripcion-rfeda-2022\/'>Inscripci\u00f3 RFEDA 2022<\/a><\/h3>\n                <div class=\"text-muted text-small\"><i class=\"fas fa-copy\"><\/i> 1 fitxer(s) <i class=\"fas fa-hdd ml-3\"><\/i> 688.70 KB<\/div>\n            <\/div>\n            <div class=\"ml-3\">\n                <a class='wpdm-download-link download-on-click btn btn-primary' rel='nofollow' href='#' data-downloadurl=\"https:\/\/www.ecorallyemallorca.com\/ca\/download\/inscripcion-rfeda-2022\/?wpdmdl=163&refresh=69f38aed4c7541777568493\">Download<\/a>\n            <\/div>\n        <\/div>\n    <\/div>\n<\/div>\n\n<\/div><div class='w3eden'><!-- WPDM Link Template: Default Template -->\n\n<div class=\"link-template-default card mb-2\">\n    <div class=\"card-body\">\n        <div class=\"media\">\n            <div class=\"mr-3 img-48\"><img decoding=\"async\" class=\"wpdm_icon\" alt=\"Icon\"   src=\"https:\/\/www.ecorallyemallorca.com\/wp-content\/plugins\/download-manager\/assets\/file-type-icons\/pdf.svg\" \/><\/div>\n            <div class=\"media-body\">\n                <h3 class=\"package-title\"><a href='https:\/\/www.ecorallyemallorca.com\/ca\/download\/calibracion-2022\/'>Calibratge 2022<\/a><\/h3>\n                <div class=\"text-muted text-small\"><i class=\"fas fa-copy\"><\/i> 1 fitxer(s) <i class=\"fas fa-hdd ml-3\"><\/i> 715.19 KB<\/div>\n            <\/div>\n            <div class=\"ml-3\">\n                <a class='wpdm-download-link download-on-click btn btn-primary' rel='nofollow' href='#' data-downloadurl=\"https:\/\/www.ecorallyemallorca.com\/ca\/download\/calibracion-2022\/?wpdmdl=415&refresh=69f38aed4d4eb1777568493\">Download<\/a>\n            <\/div>\n        <\/div>\n    <\/div>\n<\/div>\n\n<\/div><div class='w3eden'><!-- WPDM Link Template: Default Template -->\n\n<div class=\"link-template-default card mb-2\">\n    <div class=\"card-body\">\n        <div class=\"media\">\n            <div class=\"mr-3 img-48\"><img decoding=\"async\" class=\"wpdm_icon\" alt=\"Icon\"   src=\"https:\/\/www.ecorallyemallorca.com\/wp-content\/plugins\/download-manager\/assets\/file-type-icons\/pdf.svg\" \/><\/div>\n            <div class=\"media-body\">\n                <h3 class=\"package-title\"><a href='https:\/\/www.ecorallyemallorca.com\/ca\/download\/relacion-con-los-participantes\/'>Relaci\u00f3 amb els participants<\/a><\/h3>\n                <div class=\"text-muted text-small\"><i class=\"fas fa-copy\"><\/i> 1 fitxer(s) <i class=\"fas fa-hdd ml-3\"><\/i> 498.15 KB<\/div>\n            <\/div>\n            <div class=\"ml-3\">\n                <a class='wpdm-download-link download-on-click btn btn-primary' rel='nofollow' href='#' data-downloadurl=\"https:\/\/www.ecorallyemallorca.com\/ca\/download\/relacion-con-los-participantes\/?wpdmdl=441&refresh=69f38aed4e26a1777568493\">Download<\/a>\n            <\/div>\n        <\/div>\n    <\/div>\n<\/div>\n\n<\/div><div class='w3eden'><!-- WPDM Link Template: Default Template -->\n\n<div class=\"link-template-default card mb-2\">\n    <div class=\"card-body\">\n        <div class=\"media\">\n            <div class=\"mr-3 img-48\"><img decoding=\"async\" class=\"wpdm_icon\" alt=\"Icon\"   src=\"https:\/\/www.ecorallyemallorca.com\/wp-content\/plugins\/download-manager\/assets\/file-type-icons\/png.svg\" \/><\/div>\n            <div class=\"media-body\">\n                <h3 class=\"package-title\"><a href='https:\/\/www.ecorallyemallorca.com\/ca\/download\/placa-ecorally-2022-hd\/'>Placa Ecorally 2022 - HD<\/a><\/h3>\n                <div class=\"text-muted text-small\"><i class=\"fas fa-copy\"><\/i> 1 fitxer(s) <i class=\"fas fa-hdd ml-3\"><\/i> 579.65 KB<\/div>\n            <\/div>\n            <div class=\"ml-3\">\n                <a class='wpdm-download-link download-on-click btn btn-primary' rel='nofollow' href='#' data-downloadurl=\"https:\/\/www.ecorallyemallorca.com\/ca\/download\/placa-ecorally-2022-hd\/?wpdmdl=178&refresh=69f38aed4efe71777568493\">Download<\/a>\n            <\/div>\n        <\/div>\n    <\/div>\n<\/div>\n\n<\/div><div class='w3eden'><!-- WPDM Link Template: Default Template -->\n\n<div class=\"link-template-default card mb-2\">\n    <div class=\"card-body\">\n        <div class=\"media\">\n            <div class=\"mr-3 img-48\"><img decoding=\"async\" class=\"wpdm_icon\" alt=\"Icon\"   src=\"https:\/\/www.ecorallyemallorca.com\/wp-content\/plugins\/download-manager\/assets\/file-type-icons\/pdf.svg\" \/><\/div>\n            <div class=\"media-body\">\n                <h3 class=\"package-title\"><a href='https:\/\/www.ecorallyemallorca.com\/ca\/download\/reglamento-particular-2022\/'>Reglament Particular 2022<\/a><\/h3>\n                <div class=\"text-muted text-small\"><i class=\"fas fa-copy\"><\/i> 1 fitxer(s) <i class=\"fas fa-hdd ml-3\"><\/i> 8.53 MB<\/div>\n            <\/div>\n            <div class=\"ml-3\">\n                <a class='wpdm-download-link download-on-click btn btn-primary' rel='nofollow' href='#' data-downloadurl=\"https:\/\/www.ecorallyemallorca.com\/ca\/download\/reglamento-particular-2022\/?wpdmdl=162&refresh=69f38aed4fd7a1777568493\">Download<\/a>\n            <\/div>\n        <\/div>\n    <\/div>\n<\/div>\n\n<\/div><div class='w3eden'><!-- WPDM Link Template: Default Template -->\n\n<div class=\"link-template-default card mb-2\">\n    <div class=\"card-body\">\n        <div class=\"media\">\n            <div class=\"mr-3 img-48\"><img decoding=\"async\" class=\"wpdm_icon\" alt=\"Icon\"   src=\"https:\/\/www.ecorallyemallorca.com\/wp-content\/plugins\/download-manager\/assets\/file-type-icons\/pdf.svg\" \/><\/div>\n            <div class=\"media-body\">\n                <h3 class=\"package-title\"><a href='https:\/\/www.ecorallyemallorca.com\/ca\/download\/medidas-2022\/'>Mesures 2022<\/a><\/h3>\n                <div class=\"text-muted text-small\"><i class=\"fas fa-copy\"><\/i> 1 fitxer(s) <i class=\"fas fa-hdd ml-3\"><\/i> 211.78 KB<\/div>\n            <\/div>\n            <div class=\"ml-3\">\n                <a class='wpdm-download-link download-on-click btn btn-primary' rel='nofollow' href='#' data-downloadurl=\"https:\/\/www.ecorallyemallorca.com\/ca\/download\/medidas-2022\/?wpdmdl=417&refresh=69f38aed50b311777568493\">Download<\/a>\n            <\/div>\n        <\/div>\n    <\/div>\n<\/div>\n\n<\/div><div class='w3eden'><!-- WPDM Link Template: Default Template -->\n\n<div class=\"link-template-default card mb-2\">\n    <div class=\"card-body\">\n        <div class=\"media\">\n            <div class=\"mr-3 img-48\"><img decoding=\"async\" class=\"wpdm_icon\" alt=\"Icon\"   src=\"https:\/\/www.ecorallyemallorca.com\/wp-content\/plugins\/download-manager\/assets\/file-type-icons\/pdf.svg\" \/><\/div>\n            <div class=\"media-body\">\n                <h3 class=\"package-title\"><a href='https:\/\/www.ecorallyemallorca.com\/ca\/download\/complemento-modificacion-programa-horario\/'>Complement Modificaci\u00f3 Programa-Horari<\/a><\/h3>\n                <div class=\"text-muted text-small\"><i class=\"fas fa-copy\"><\/i> 1 fitxer(s) <i class=\"fas fa-hdd ml-3\"><\/i> 870.04 KB<\/div>\n            <\/div>\n            <div class=\"ml-3\">\n                <a class='wpdm-download-link download-on-click btn btn-primary' rel='nofollow' href='#' data-downloadurl=\"https:\/\/www.ecorallyemallorca.com\/ca\/download\/complemento-modificacion-programa-horario\/?wpdmdl=443&refresh=69f38aed5188c1777568493\">Download<\/a>\n            <\/div>\n        <\/div>\n    <\/div>\n<\/div>\n\n<\/div><div class='w3eden'><!-- WPDM Link Template: Default Template -->\n\n<div class=\"link-template-default card mb-2\">\n    <div class=\"card-body\">\n        <div class=\"media\">\n            <div class=\"mr-3 img-48\"><img decoding=\"async\" class=\"wpdm_icon\" alt=\"Icon\"   src=\"https:\/\/www.ecorallyemallorca.com\/wp-content\/plugins\/download-manager\/assets\/file-type-icons\/pdf.svg\" \/><\/div>\n            <div class=\"media-body\">\n                <h3 class=\"package-title\"><a href='https:\/\/www.ecorallyemallorca.com\/ca\/download\/ecorally-cartel-2022-hd\/'>Ecorally Cartel 2022 - HD<\/a><\/h3>\n                <div class=\"text-muted text-small\"><i class=\"fas fa-copy\"><\/i> 1 fitxer(s) <i class=\"fas fa-hdd ml-3\"><\/i> 2.92 MB<\/div>\n            <\/div>\n            <div class=\"ml-3\">\n                <a class='wpdm-download-link download-on-click btn btn-primary' rel='nofollow' href='#' data-downloadurl=\"https:\/\/www.ecorallyemallorca.com\/ca\/download\/ecorally-cartel-2022-hd\/?wpdmdl=179&refresh=69f38aed525e21777568493\">Download<\/a>\n            <\/div>\n        <\/div>\n    <\/div>\n<\/div>\n\n<\/div>Vols participar a l&#039;ECO RALLYE MALLORCA? Contacta al 687 66 48 49 \u2013 direccion@rlmaudiovisual.comPol\u00edtica de Privadesa \u2013 CookiesDissenyat po: [\u2026]<\/p>","protected":false},"author":1,"featured_media":86,"parent":0,"menu_order":0,"comment_status":"closed","ping_status":"closed","template":"page-template-blank.php","meta":{"_et_pb_use_builder":"on","_et_pb_old_content":"","_et_gb_content_width":"","_eb_attr":"","_uag_custom_page_level_css":"","footnotes":""},"class_list":["post-43","page","type-page","status-publish","has-post-thumbnail","hentry"],"uagb_featured_image_src":{"full":["https:\/\/www.ecorallyemallorca.com\/wp-content\/uploads\/2021\/06\/WhatsApp-Image-2021-06-01-at-20.54.12-1.jpeg",1131,1600,false],"thumbnail":["https:\/\/www.ecorallyemallorca.com\/wp-content\/uploads\/2021\/06\/WhatsApp-Image-2021-06-01-at-20.54.12-1-150x150.jpeg",150,150,true],"medium":["https:\/\/www.ecorallyemallorca.com\/wp-content\/uploads\/2021\/06\/WhatsApp-Image-2021-06-01-at-20.54.12-1-212x300.jpeg",212,300,true],"medium_large":["https:\/\/www.ecorallyemallorca.com\/wp-content\/uploads\/2021\/06\/WhatsApp-Image-2021-06-01-at-20.54.12-1-768x1086.jpeg",768,1086,true],"large":["https:\/\/www.ecorallyemallorca.com\/wp-content\/uploads\/2021\/06\/WhatsApp-Image-2021-06-01-at-20.54.12-1-724x1024.jpeg",724,1024,true],"1536x1536":["https:\/\/www.ecorallyemallorca.com\/wp-content\/uploads\/2021\/06\/WhatsApp-Image-2021-06-01-at-20.54.12-1-1086x1536.jpeg",1086,1536,true],"2048x2048":["https:\/\/www.ecorallyemallorca.com\/wp-content\/uploads\/2021\/06\/WhatsApp-Image-2021-06-01-at-20.54.12-1.jpeg",1131,1600,false],"trp-custom-language-flag":["https:\/\/www.ecorallyemallorca.com\/wp-content\/uploads\/2021\/06\/WhatsApp-Image-2021-06-01-at-20.54.12-1.jpeg",8,12,false],"et-pb-post-main-image":["https:\/\/www.ecorallyemallorca.com\/wp-content\/uploads\/2021\/06\/WhatsApp-Image-2021-06-01-at-20.54.12-1-400x250.jpeg",400,250,true],"et-pb-post-main-image-fullwidth":["https:\/\/www.ecorallyemallorca.com\/wp-content\/uploads\/2021\/06\/WhatsApp-Image-2021-06-01-at-20.54.12-1-1080x675.jpeg",1080,675,true],"et-pb-portfolio-image":["https:\/\/www.ecorallyemallorca.com\/wp-content\/uploads\/2021\/06\/WhatsApp-Image-2021-06-01-at-20.54.12-1-400x284.jpeg",400,284,true],"et-pb-portfolio-module-image":["https:\/\/www.ecorallyemallorca.com\/wp-content\/uploads\/2021\/06\/WhatsApp-Image-2021-06-01-at-20.54.12-1-510x382.jpeg",510,382,true],"et-pb-portfolio-image-single":["https:\/\/www.ecorallyemallorca.com\/wp-content\/uploads\/2021\/06\/WhatsApp-Image-2021-06-01-at-20.54.12-1-1080x1528.jpeg",1080,1528,true],"et-pb-gallery-module-image-portrait":["https:\/\/www.ecorallyemallorca.com\/wp-content\/uploads\/2021\/06\/WhatsApp-Image-2021-06-01-at-20.54.12-1-400x516.jpeg",400,516,true],"et-pb-post-main-image-fullwidth-large":["https:\/\/www.ecorallyemallorca.com\/wp-content\/uploads\/2021\/06\/WhatsApp-Image-2021-06-01-at-20.54.12-1.jpeg",1131,1600,false],"et-pb-image--responsive--desktop":["https:\/\/www.ecorallyemallorca.com\/wp-content\/uploads\/2021\/06\/WhatsApp-Image-2021-06-01-at-20.54.12-1.jpeg",509,720,false],"et-pb-image--responsive--tablet":["https:\/\/www.ecorallyemallorca.com\/wp-content\/uploads\/2021\/06\/WhatsApp-Image-2021-06-01-at-20.54.12-1-980x1386.jpeg",390,551,true],"et-pb-image--responsive--phone":["https:\/\/www.ecorallyemallorca.com\/wp-content\/uploads\/2021\/06\/WhatsApp-Image-2021-06-01-at-20.54.12-1-480x679.jpeg",191,270,true]},"uagb_author_info":{"display_name":"carlosalonso","author_link":"https:\/\/www.ecorallyemallorca.com\/ca\/author\/carlosalonso\/"},"uagb_comment_info":0,"uagb_excerpt":"Documentaci\u00f3n Eco Rally Mallorca Consulta y descarga la documentaci\u00f3n necesaria para la inscripci\u00f3n, roadmap y resto de informaci\u00f3n relvante para la competici\u00f3nDescargar la Documentaci\u00f3n Eco Rally Mallorca 2022[wpdm_package id='163'][wpdm_package id='415'][wpdm_package id='441'][wpdm_package id='178'][wpdm_package id='162'][wpdm_package id='417'][wpdm_package id='443'][wpdm_package id='179']\u00bfQuieres participar en el ECO RALLYE MALLORCA? Contacta al 687 66 48 49 - direccion@rlmaudiovisual.comPol\u00edtica de Privacidad - CookiesDise\u00f1ado po:&hellip;","_links":{"self":[{"href":"https:\/\/www.ecorallyemallorca.com\/ca\/wp-json\/wp\/v2\/pages\/43","targetHints":{"allow":["GET"]}}],"collection":[{"href":"https:\/\/www.ecorallyemallorca.com\/ca\/wp-json\/wp\/v2\/pages"}],"about":[{"href":"https:\/\/www.ecorallyemallorca.com\/ca\/wp-json\/wp\/v2\/types\/page"}],"author":[{"embeddable":true,"href":"https:\/\/www.ecorallyemallorca.com\/ca\/wp-json\/wp\/v2\/users\/1"}],"replies":[{"embeddable":true,"href":"https:\/\/www.ecorallyemallorca.com\/ca\/wp-json\/wp\/v2\/comments?post=43"}],"version-history":[{"count":1,"href":"https:\/\/www.ecorallyemallorca.com\/ca\/wp-json\/wp\/v2\/pages\/43\/revisions"}],"predecessor-version":[{"id":636,"href":"https:\/\/www.ecorallyemallorca.com\/ca\/wp-json\/wp\/v2\/pages\/43\/revisions\/636"}],"wp:featuredmedia":[{"embeddable":true,"href":"https:\/\/www.ecorallyemallorca.com\/ca\/wp-json\/wp\/v2\/media\/86"}],"wp:attachment":[{"href":"https:\/\/www.ecorallyemallorca.com\/ca\/wp-json\/wp\/v2\/media?parent=43"}],"curies":[{"name":"wp","href":"https:\/\/api.w.org\/{rel}","templated":true}]}}