{"id":509,"date":"2023-03-03T11:38:38","date_gmt":"2023-03-03T11:38:38","guid":{"rendered":"https:\/\/www.ecorallyemallorca.com\/?page_id=509"},"modified":"2024-01-08T18:10:58","modified_gmt":"2024-01-08T18:10:58","slug":"documentacion-ecorallye-2023","status":"publish","type":"page","link":"https:\/\/www.ecorallyemallorca.com\/ca\/documentacion-ecorallye-2023\/","title":{"rendered":"Documentaci\u00f3n Eco Rallye Mallorca 2023"},"content":{"rendered":"<p>[et_pb_section fb_built=\u00bb1&#8243; _builder_version=\u00bb4.23.1&#8243; _module_preset=\u00bbdefault\u00bb use_background_color_gradient=\u00bbon\u00bb background_color_gradient_direction=\u00bb0deg\u00bb background_color_gradient_stops=\u00bb#FFFFFF 0%|rgba(12,113,195,0.3) 50%|#ffffff 100%\u00bb background_enable_image=\u00bboff\u00bb background_enable_video_mp4=\u00bboff\u00bb background_enable_video_webm=\u00bboff\u00bb min_height=\u00bb90vh\u00bb top_divider_style=\u00bbmountains\u00bb top_divider_color=\u00bbrgba(70,112,219,0.67)\u00bb bottom_divider_color=\u00bbrgba(70,112,219,0.39)\u00bb hover_enabled=\u00bb0&#8243; background_color_phone=\u00bb#FFFFFF\u00bb background_last_edited=\u00bbon|phone\u00bb background_enable_color_phone=\u00bbon\u00bb global_colors_info=\u00bb{}\u00bb sticky_enabled=\u00bb0&#8243;][et_pb_row _builder_version=\u00bb4.16&#8243; _module_preset=\u00bbdefault\u00bb global_colors_info=\u00bb{}\u00bb][et_pb_column type=\u00bb4_4&#8243; _builder_version=\u00bb4.16&#8243; _module_preset=\u00bbdefault\u00bb global_colors_info=\u00bb{}\u00bb][et_pb_text _builder_version=\u00bb4.17.4&#8243; _module_preset=\u00bbdefault\u00bb text_text_color=\u00bb#000000&#8243; text_font_size=\u00bb16px\u00bb header_font=\u00bb|700|||||||\u00bb header_text_align=\u00bbcenter\u00bb header_text_color=\u00bbgcid-0a1aa8e8-aa8a-41c3-ac08-6a75d86c50aa\u00bb width=\u00bb50%\u00bb module_alignment=\u00bbcenter\u00bb global_colors_info=\u00bb{%22gcid-0a1aa8e8-aa8a-41c3-ac08-6a75d86c50aa%22:%91%22header_text_color%22%93}\u00bb]<\/p>\n<h1 style=\"text-align: center;\">Documentaci\u00f3 Eco Rally Mallorca<\/h1>\n<p style=\"text-align: center;\">Consulta i descarrega la documentaci\u00f3 necess\u00e0ria per a la inscripci\u00f3 i la resta d&#039;informaci\u00f3 rellevant per a la competici\u00f3<\/p>\n<p>[\/et_pb_text][et_pb_image src=\u00bbhttps:\/\/www.ecorallyemallorca.com\/wp-content\/uploads\/2023\/03\/PLACA-ECORALLYE-2023-MARZO2.png\u00bb alt=\u00bbEco Rally Mallorca\u00bb title_text=\u00bbPLACA ECORALLYE 2023 MARZO2&#8243; _builder_version=\u00bb4.19.5&#8243; _module_preset=\u00bbdefault\u00bb width=\u00bb60%\u00bb module_alignment=\u00bbcenter\u00bb global_colors_info=\u00bb{}\u00bb transform_styles__hover_enabled=\u00bbon|hover\u00bb transform_scale__hover_enabled=\u00bbon|hover\u00bb transform_translate__hover_enabled=\u00bbon|desktop\u00bb transform_rotate__hover_enabled=\u00bbon|desktop\u00bb transform_skew__hover_enabled=\u00bbon|desktop\u00bb transform_origin__hover_enabled=\u00bbon|desktop\u00bb transform_scale__hover=\u00bb109%|109%\u00bb][\/et_pb_image][et_pb_button button_url=\u00bb\/\u00bb button_text=\u00bbECO RALLYE MALLORCA 2023&#8243; button_alignment=\u00bbcenter\u00bb _builder_version=\u00bb4.23.1&#8243; _module_preset=\u00bbdefault\u00bb custom_button=\u00bbon\u00bb button_text_color=\u00bb#0082c8&#8243; button_border_color=\u00bb#0082c8&#8243; button_border_radius=\u00bb20px\u00bb button_letter_spacing=\u00bb4px\u00bb button_icon=\u00bb&#xf56f;||fa||900&#8243; button_icon_color=\u00bb#0082c8&#8243; global_colors_info=\u00bb{}\u00bb][\/et_pb_button][et_pb_text _builder_version=\u00bb4.19.5&#8243; _module_preset=\u00bbdefault\u00bb text_text_color=\u00bb#000000&#8243; text_font_size=\u00bb16px\u00bb header_font=\u00bb|700|||||||\u00bb header_text_align=\u00bbcenter\u00bb header_text_color=\u00bbgcid-0a1aa8e8-aa8a-41c3-ac08-6a75d86c50aa\u00bb width=\u00bb50%\u00bb module_alignment=\u00bbcenter\u00bb global_colors_info=\u00bb{%22gcid-0a1aa8e8-aa8a-41c3-ac08-6a75d86c50aa%22:%91%22header_text_color%22%93}\u00bb]<\/p>\n<p style=\"text-align: center;\">Descarregar la <strong>Documentaci\u00f3 Eco Rally Mallorca<\/strong> 2023<\/p>\n<p>[\/et_pb_text][\/et_pb_column][\/et_pb_row][et_pb_row column_structure=\u00bb1_2,1_2&#8243; _builder_version=\u00bb4.16&#8243; _module_preset=\u00bbdefault\u00bb custom_padding=\u00bb13px|||||\u00bb global_colors_info=\u00bb{}\u00bb][et_pb_column type=\u00bb1_2&#8243; _builder_version=\u00bb4.16&#8243; _module_preset=\u00bbdefault\u00bb global_colors_info=\u00bb{}\u00bb][et_pb_text _builder_version=\u00bb4.19.5&#8243; _module_preset=\u00bbdefault\u00bb global_colors_info=\u00bb{}\u00bb]<\/p>\n<div class='w3eden'><!-- WPDM Link Template: Default Template -->\n\n<div class=\"link-template-default card mb-2\">\n    <div class=\"card-body\">\n        <div class=\"media\">\n            <div class=\"mr-3 img-48\"><img decoding=\"async\" class=\"wpdm_icon\" alt=\"Icon\" src=\"https:\/\/www.ecorallyemallorca.com\/wp-content\/plugins\/download-manager\/assets\/file-type-icons\/pdf.svg\" \/><\/div>\n            <div class=\"media-body\">\n                <h3 class=\"package-title\"><a href='https:\/\/www.ecorallyemallorca.com\/ca\/download\/518\/'>Inscripci\u00f3 RFEDA III Eco Ral\u00b7li Mallorca 2023<\/a><\/h3>\n                <div class=\"text-muted text-small\"><i class=\"fas fa-copy\"><\/i> 1 fitxer(s) <i class=\"fas fa-hdd ml-3\"><\/i> 4.00 KB<\/div>\n            <\/div>\n            <div class=\"ml-3\">\n                <a class='wpdm-download-link download-on-click btn btn-primary' rel='nofollow' href='#' data-downloadurl=\"https:\/\/www.ecorallyemallorca.com\/ca\/download\/518\/?wpdmdl=518&refresh=69f3eeee786561777594094\">Download<\/a>\n            <\/div>\n        <\/div>\n    <\/div>\n<\/div>\n\n<\/div>\n<p>[\/et_pb_text][et_pb_text _builder_version=\u00bb4.19.5&#8243; _module_preset=\u00bbdefault\u00bb global_colors_info=\u00bb{}\u00bb]<\/p>\n<div class='w3eden'><!-- WPDM Link Template: Default Template -->\n\n<div class=\"link-template-default card mb-2\">\n    <div class=\"card-body\">\n        <div class=\"media\">\n            <div class=\"mr-3 img-48\"><img decoding=\"async\" class=\"wpdm_icon\" alt=\"Icon\" src=\"https:\/\/www.ecorallyemallorca.com\/wp-content\/plugins\/download-manager\/assets\/file-type-icons\/png.svg\" \/><\/div>\n            <div class=\"media-body\">\n                <h3 class=\"package-title\"><a href='https:\/\/www.ecorallyemallorca.com\/ca\/download\/522\/'>PLACA ECO RALLYE MALLORCA 2023<\/a><\/h3>\n                <div class=\"text-muted text-small\"><i class=\"fas fa-copy\"><\/i> 1 fitxer(s) <i class=\"fas fa-hdd ml-3\"><\/i> 366.11 KB<\/div>\n            <\/div>\n            <div class=\"ml-3\">\n                <a class='wpdm-download-link download-on-click btn btn-primary' rel='nofollow' href='#' data-downloadurl=\"https:\/\/www.ecorallyemallorca.com\/ca\/download\/522\/?wpdmdl=522&refresh=69f3eeee7b1001777594094\">Download<\/a>\n            <\/div>\n        <\/div>\n    <\/div>\n<\/div>\n\n<\/div>\n<p>[\/et_pb_text][\/et_pb_column][et_pb_column type=\u00bb1_2&#8243; _builder_version=\u00bb4.16&#8243; _module_preset=\u00bbdefault\u00bb global_colors_info=\u00bb{}\u00bb][et_pb_text _builder_version=\u00bb4.19.5&#8243; _module_preset=\u00bbdefault\u00bb global_colors_info=\u00bb{}\u00bb]<\/p>\n<div class='w3eden'><!-- WPDM Link Template: Default Template -->\n\n<div class=\"link-template-default card mb-2\">\n    <div class=\"card-body\">\n        <div class=\"media\">\n            <div class=\"mr-3 img-48\"><img decoding=\"async\" class=\"wpdm_icon\" alt=\"Icon\" src=\"https:\/\/www.ecorallyemallorca.com\/wp-content\/plugins\/download-manager\/assets\/file-type-icons\/pdf.svg\" \/><\/div>\n            <div class=\"media-body\">\n                <h3 class=\"package-title\"><a href='https:\/\/www.ecorallyemallorca.com\/ca\/download\/iii-eco-rallye-mallorca-reglamento-particular-2023\/'>III ECO RALLYE MALLORCA Reglament Particular 2023<\/a><\/h3>\n                <div class=\"text-muted text-small\"><i class=\"fas fa-copy\"><\/i> 1 fitxer(s) <i class=\"fas fa-hdd ml-3\"><\/i> 4.00 KB<\/div>\n            <\/div>\n            <div class=\"ml-3\">\n                <a class='wpdm-download-link download-on-click btn btn-primary' rel='nofollow' href='#' data-downloadurl=\"https:\/\/www.ecorallyemallorca.com\/ca\/download\/iii-eco-rallye-mallorca-reglamento-particular-2023\/?wpdmdl=519&refresh=69f3eeee7cca71777594094\">Download<\/a>\n            <\/div>\n        <\/div>\n    <\/div>\n<\/div>\n\n<\/div>\n<p>[\/et_pb_text][et_pb_text _builder_version=\u00bb4.19.5&#8243; _module_preset=\u00bbdefault\u00bb global_colors_info=\u00bb{}\u00bb]<\/p>\n<div class='w3eden'><!-- WPDM Link Template: Default Template -->\n\n<div class=\"link-template-default card mb-2\">\n    <div class=\"card-body\">\n        <div class=\"media\">\n            <div class=\"mr-3 img-48\"><img decoding=\"async\" class=\"wpdm_icon\" alt=\"Icon\" src=\"https:\/\/www.ecorallyemallorca.com\/wp-content\/plugins\/download-manager\/assets\/file-type-icons\/jpg.svg\" \/><\/div>\n            <div class=\"media-body\">\n                <h3 class=\"package-title\"><a href='https:\/\/www.ecorallyemallorca.com\/ca\/download\/cartel-eco-rallye-mallorca-2023\/'>CARTELL ECO RALLYE MALLORCA 2023<\/a><\/h3>\n                <div class=\"text-muted text-small\"><i class=\"fas fa-copy\"><\/i> 1 fitxer(s) <i class=\"fas fa-hdd ml-3\"><\/i> 1.63 MB<\/div>\n            <\/div>\n            <div class=\"ml-3\">\n                <a class='wpdm-download-link download-on-click btn btn-primary' rel='nofollow' href='#' data-downloadurl=\"https:\/\/www.ecorallyemallorca.com\/ca\/download\/cartel-eco-rallye-mallorca-2023\/?wpdmdl=523&refresh=69f3eeee7e67e1777594094\">Download<\/a>\n            <\/div>\n        <\/div>\n    <\/div>\n<\/div>\n\n<\/div>\n<p>[\/et_pb_text][\/et_pb_column][\/et_pb_row][et_pb_row _builder_version=\u00bb4.16&#8243; _module_preset=\u00bbdefault\u00bb global_colors_info=\u00bb{}\u00bb][et_pb_column type=\u00bb4_4&#8243; _builder_version=\u00bb4.16&#8243; _module_preset=\u00bbdefault\u00bb global_colors_info=\u00bb{}\u00bb][et_pb_image src=\u00bbhttps:\/\/www.ecorallyemallorca.com\/wp-content\/uploads\/2023\/03\/CARTEL-ECORALLYE-MALLORCA-23-scaled.jpg\u00bb alt=\u00bbEco rally Mallorca\u00bb title_text=\u00bbCARTEL ECORALLYE MALLORCA 23&#8243; align=\u00bbcenter\u00bb _builder_version=\u00bb4.19.5&#8243; _module_preset=\u00bbdefault\u00bb height=\u00bb761px\u00bb global_colors_info=\u00bb{}\u00bb][\/et_pb_image][\/et_pb_column][\/et_pb_row][\/et_pb_section]<\/p>","protected":false},"excerpt":{"rendered":"<p>Documentaci\u00f3n Eco Rally Mallorca Consulta y descarga la documentaci\u00f3n necesaria para la inscripci\u00f3n y resto de informaci\u00f3n relevante para la competici\u00f3nDescargar la Documentaci\u00f3n Eco Rally Mallorca 2023<div class='w3eden'><!-- WPDM Link Template: Default Template -->\n\n<div class=\"link-template-default card mb-2\">\n    <div class=\"card-body\">\n        <div class=\"media\">\n            <div class=\"mr-3 img-48\"><img decoding=\"async\" class=\"wpdm_icon\" alt=\"Icon\" src=\"https:\/\/www.ecorallyemallorca.com\/wp-content\/plugins\/download-manager\/assets\/file-type-icons\/pdf.svg\" \/><\/div>\n            <div class=\"media-body\">\n                <h3 class=\"package-title\"><a href='https:\/\/www.ecorallyemallorca.com\/ca\/download\/518\/'>Inscripci\u00f3 RFEDA III Eco Ral\u00b7li Mallorca 2023<\/a><\/h3>\n                <div class=\"text-muted text-small\"><i class=\"fas fa-copy\"><\/i> 1 fitxer(s) <i class=\"fas fa-hdd ml-3\"><\/i> 4.00 KB<\/div>\n            <\/div>\n            <div class=\"ml-3\">\n                <a class='wpdm-download-link download-on-click btn btn-primary' rel='nofollow' href='#' data-downloadurl=\"https:\/\/www.ecorallyemallorca.com\/ca\/download\/518\/?wpdmdl=518&refresh=69f3eeee8630d1777594094\">Download<\/a>\n            <\/div>\n        <\/div>\n    <\/div>\n<\/div>\n\n<\/div><div class='w3eden'><!-- WPDM Link Template: Default Template -->\n\n<div class=\"link-template-default card mb-2\">\n    <div class=\"card-body\">\n        <div class=\"media\">\n            <div class=\"mr-3 img-48\"><img decoding=\"async\" class=\"wpdm_icon\" alt=\"Icon\" src=\"https:\/\/www.ecorallyemallorca.com\/wp-content\/plugins\/download-manager\/assets\/file-type-icons\/png.svg\" \/><\/div>\n            <div class=\"media-body\">\n                <h3 class=\"package-title\"><a href='https:\/\/www.ecorallyemallorca.com\/ca\/download\/522\/'>PLACA ECO RALLYE MALLORCA 2023<\/a><\/h3>\n                <div class=\"text-muted text-small\"><i class=\"fas fa-copy\"><\/i> 1 fitxer(s) <i class=\"fas fa-hdd ml-3\"><\/i> 366.11 KB<\/div>\n            <\/div>\n            <div class=\"ml-3\">\n                <a class='wpdm-download-link download-on-click btn btn-primary' rel='nofollow' href='#' data-downloadurl=\"https:\/\/www.ecorallyemallorca.com\/ca\/download\/522\/?wpdmdl=522&refresh=69f3eeee870d01777594094\">Download<\/a>\n            <\/div>\n        <\/div>\n    <\/div>\n<\/div>\n\n<\/div><div class='w3eden'><!-- WPDM Link Template: Default Template -->\n\n<div class=\"link-template-default card mb-2\">\n    <div class=\"card-body\">\n        <div class=\"media\">\n            <div class=\"mr-3 img-48\"><img decoding=\"async\" class=\"wpdm_icon\" alt=\"Icon\" src=\"https:\/\/www.ecorallyemallorca.com\/wp-content\/plugins\/download-manager\/assets\/file-type-icons\/pdf.svg\" \/><\/div>\n            <div class=\"media-body\">\n                <h3 class=\"package-title\"><a href='https:\/\/www.ecorallyemallorca.com\/ca\/download\/iii-eco-rallye-mallorca-reglamento-particular-2023\/'>III ECO RALLYE MALLORCA Reglament Particular 2023<\/a><\/h3>\n                <div class=\"text-muted text-small\"><i class=\"fas fa-copy\"><\/i> 1 fitxer(s) <i class=\"fas fa-hdd ml-3\"><\/i> 4.00 KB<\/div>\n            <\/div>\n            <div class=\"ml-3\">\n                <a class='wpdm-download-link download-on-click btn btn-primary' rel='nofollow' href='#' data-downloadurl=\"https:\/\/www.ecorallyemallorca.com\/ca\/download\/iii-eco-rallye-mallorca-reglamento-particular-2023\/?wpdmdl=519&refresh=69f3eeee87e471777594094\">Download<\/a>\n            <\/div>\n        <\/div>\n    <\/div>\n<\/div>\n\n<\/div><div class='w3eden'><!-- WPDM Link Template: Default Template -->\n\n<div class=\"link-template-default card mb-2\">\n    <div class=\"card-body\">\n        <div class=\"media\">\n            <div class=\"mr-3 img-48\"><img decoding=\"async\" class=\"wpdm_icon\" alt=\"Icon\" src=\"https:\/\/www.ecorallyemallorca.com\/wp-content\/plugins\/download-manager\/assets\/file-type-icons\/jpg.svg\" \/><\/div>\n            <div class=\"media-body\">\n                <h3 class=\"package-title\"><a href='https:\/\/www.ecorallyemallorca.com\/ca\/download\/cartel-eco-rallye-mallorca-2023\/'>CARTELL ECO RALLYE MALLORCA 2023<\/a><\/h3>\n                <div class=\"text-muted text-small\"><i class=\"fas fa-copy\"><\/i> 1 fitxer(s) <i class=\"fas fa-hdd ml-3\"><\/i> 1.63 MB<\/div>\n            <\/div>\n            <div class=\"ml-3\">\n                <a class='wpdm-download-link download-on-click btn btn-primary' rel='nofollow' href='#' data-downloadurl=\"https:\/\/www.ecorallyemallorca.com\/ca\/download\/cartel-eco-rallye-mallorca-2023\/?wpdmdl=523&refresh=69f3eeee88ba81777594094\">Download<\/a>\n            <\/div>\n        <\/div>\n    <\/div>\n<\/div>\n\n<\/div><\/p>","protected":false},"author":1,"featured_media":0,"parent":0,"menu_order":0,"comment_status":"closed","ping_status":"closed","template":"","meta":{"_et_pb_use_builder":"on","_et_pb_old_content":"","_et_gb_content_width":"","_eb_attr":"","_uag_custom_page_level_css":"","footnotes":""},"class_list":["post-509","page","type-page","status-publish","hentry"],"uagb_featured_image_src":{"full":false,"thumbnail":false,"medium":false,"medium_large":false,"large":false,"1536x1536":false,"2048x2048":false,"trp-custom-language-flag":false,"et-pb-post-main-image":false,"et-pb-post-main-image-fullwidth":false,"et-pb-portfolio-image":false,"et-pb-portfolio-module-image":false,"et-pb-portfolio-image-single":false,"et-pb-gallery-module-image-portrait":false,"et-pb-post-main-image-fullwidth-large":false,"et-pb-image--responsive--desktop":false,"et-pb-image--responsive--tablet":false,"et-pb-image--responsive--phone":false},"uagb_author_info":{"display_name":"carlosalonso","author_link":"https:\/\/www.ecorallyemallorca.com\/ca\/author\/carlosalonso\/"},"uagb_comment_info":0,"uagb_excerpt":"Documentaci\u00f3n Eco Rally Mallorca Consulta y descarga la documentaci\u00f3n necesaria para la inscripci\u00f3n y resto de informaci\u00f3n relevante para la competici\u00f3nDescargar la Documentaci\u00f3n Eco Rally Mallorca 2023[wpdm_package id='518'][wpdm_package id='522'][wpdm_package id='519'][wpdm_package id='523']","_links":{"self":[{"href":"https:\/\/www.ecorallyemallorca.com\/ca\/wp-json\/wp\/v2\/pages\/509","targetHints":{"allow":["GET"]}}],"collection":[{"href":"https:\/\/www.ecorallyemallorca.com\/ca\/wp-json\/wp\/v2\/pages"}],"about":[{"href":"https:\/\/www.ecorallyemallorca.com\/ca\/wp-json\/wp\/v2\/types\/page"}],"author":[{"embeddable":true,"href":"https:\/\/www.ecorallyemallorca.com\/ca\/wp-json\/wp\/v2\/users\/1"}],"replies":[{"embeddable":true,"href":"https:\/\/www.ecorallyemallorca.com\/ca\/wp-json\/wp\/v2\/comments?post=509"}],"version-history":[{"count":5,"href":"https:\/\/www.ecorallyemallorca.com\/ca\/wp-json\/wp\/v2\/pages\/509\/revisions"}],"predecessor-version":[{"id":682,"href":"https:\/\/www.ecorallyemallorca.com\/ca\/wp-json\/wp\/v2\/pages\/509\/revisions\/682"}],"wp:attachment":[{"href":"https:\/\/www.ecorallyemallorca.com\/ca\/wp-json\/wp\/v2\/media?parent=509"}],"curies":[{"name":"wp","href":"https:\/\/api.w.org\/{rel}","templated":true}]}}