{"id":8,"date":"2021-05-07T09:10:15","date_gmt":"2021-05-07T09:10:15","guid":{"rendered":"https:\/\/www.ecorallyemallorca.com\/?page_id=8"},"modified":"2024-01-25T13:27:07","modified_gmt":"2024-01-25T13:27:07","slug":"edicion-2021","status":"publish","type":"page","link":"https:\/\/www.ecorallyemallorca.com\/ca\/archivo\/edicion-2021\/","title":{"rendered":"Eco Ral\u00b7li Mallorca 2021"},"content":{"rendered":"<p>[et_pb_section fb_built=\u00bb1&#8243; _builder_version=\u00bb4.23.1&#8243; _module_preset=\u00bbdefault\u00bb custom_padding=\u00bb20px||0px||false|false\u00bb global_colors_info=\u00bb{}\u00bb][et_pb_row _builder_version=\u00bb4.17.4&#8243; _module_preset=\u00bbdefault\u00bb custom_padding=\u00bb15px||8px|||\u00bb global_colors_info=\u00bb{}\u00bb][et_pb_column type=\u00bb4_4&#8243; _builder_version=\u00bb4.17.4&#8243; _module_preset=\u00bbdefault\u00bb global_colors_info=\u00bb{}\u00bb][et_pb_text _builder_version=\u00bb4.17.4&#8243; _module_preset=\u00bbdefault\u00bb header_font=\u00bb|700|||||||\u00bb header_text_align=\u00bbcenter\u00bb header_text_color=\u00bbgcid-0a1aa8e8-aa8a-41c3-ac08-6a75d86c50aa\u00bb header_2_font=\u00bb|700|||||||\u00bb header_2_text_color=\u00bbgcid-0a1aa8e8-aa8a-41c3-ac08-6a75d86c50aa\u00bb global_colors_info=\u00bb{%22gcid-0a1aa8e8-aa8a-41c3-ac08-6a75d86c50aa%22:%91%22header_text_color%22,%22header_2_text_color%22%93}\u00bb]<\/p>\n<h1>ECO RAL\u00b7LI MALLORCA 2021<\/h1>\n<p>[\/et_pb_text][\/et_pb_column][\/et_pb_row][\/et_pb_section][et_pb_section fb_built=&quot;1&quot; _builder_version=&quot;4.23.1&quot; _module_preset=&quot;default&quot; use_background_color_gradient= background_color_gradient_stops=&quot;#ffffff 0%|rgba(0,130,202,0.59) 38%|#ffffff 100%&quot; background_enable_image=&quot;off&quot; background_enable_video_mp4=&quot;off&quot; background_enable top_divider_style=&quot;asymmetric&quot; top_divider_color=&quot;rgba(70,112,219,0.67)&quot; bottom_divider_style=&quot;asymmetric3&quot; bottom_divider_color=&quot;rgba(70,112,219,0.39) background_last_edited=&quot;on|phone&quot; background_enable_color_phone=&quot;on&quot; global_colors_info=&quot;{}&quot;][et_pb_row _builder_version=&quot;4.16&quot; _module_preset=&quot;default&quot; global_colors_info=&quot;{}&quot;][et_pb_column type=\u00bb4_4 _module_preset=\u00bbdefault\u00bb global_colors_info=\u00bb{}\u00bb][et_pb_image src=\u00bbhttps:\/\/www.ecorallyemallorca.com\/wp-content\/uploads\/2021\/06\/Rallymallorca.png\u00bb title_text=\u00bbRallymallorca\u00bb _builder_version= width=&quot;60%&quot; module_alignment=&quot;center&quot; global_colors_info=&quot;{}&quot; transform_styles__hover_enabled=&quot;on|hover&quot; transform_scale__hover_enabled=&quot;on|hover&quot; transform_skew__hover_enabled=&quot;on|desktop&quot; transform_origin__hover_enabled=&quot;on|desktop&quot; transform_scale__hover=&quot;109%|109%&quot;][\/et_pb_image][\/et_pb_column][\/et_pb_row]=. _module_preset=&quot;default&quot; global_colors_info=&quot;{}&quot;][et_pb_column type=&quot;4_4&quot; _builder_version=&quot;4.16&quot; _module_preset=&quot;default&quot; global_colors_info=&quot;{}&quot;][et_pb_button button_url=\u00bb1. button_text=&quot;CLASSIFICACI\u00d3&quot; button_alignment=&quot;center&quot; _builder_version=&quot;4.23.1&quot; _module_preset=&quot;default&quot; custom_button=&quot;on&quot; button_text_color=&quot;#FFFFFF&quot; button_bg_color=&quot;1TP5&quot; button_border_color=&quot;#FFFFFF&quot; button_border_radius=&quot;20px&quot; button_letter_spacing=&quot;4px&quot; button_icon=&quot;||fa||900&quot; global_colors_info=\u00bb{}\u00bb][\/et_pb_button][\/et_pb_column][\/et_pb_row][et_pb_row column_structure=\u00bb1_2,1_2\u2033 use_custom_gutter=\u00bbon\u00bb gutter_width=\u00bb2\u2033 make_equal=\u00bbon\u00bb__ _module_preset=&quot;default&quot; max_width=&quot;100%&quot; global_colors_info=&quot;{}&quot;][et_pb_column type=&quot;1_2&quot; _builder_version=&quot;4.16&quot; _module_preset=&quot;default&quot; global_colors_info=\u00bb{}\u00bb][et src=&quot;https:\/\/www.youtube.com\/watch?v=jNGGIdSxtxQ&quot; _builder_version=&quot;4.23.1&quot; _module_preset=&quot;default&quot; transform_translate_linked__hover=&quot;off&quot; border_radii=&quot;on|20px|20px|20 transform_styles__hover_enabled=\u00bbon|hover\u00bb transform_scale__hover_enabled=\u00bbon|desktop\u00bb transform_translate__hover_enabled=\u00bbon|hover\u00bb transform_rotate__hover_enabled=\u00bbon|desktop\u00bb transform_skew__hover_enabled=\u00bbon| transform_origin__hover_enabled=&quot;on|desktop&quot; transform_translate__hover=&quot;0px|-15px&quot;][\/et_pb_video][\/et_pb_column][et_pb_column type=&quot;1_2&quot; _builder_version=&quot;4.16&quot; _module_preset= global_colors_info=\u00bb{}\u00bb][et_pb_video src=\u00bbhttps:\/\/www.youtube.com\/watch?v=Lt_NIHIOOeg\u00bb _builder_version=\u00bb4.23.1\u2033 _module_preset=\u00bbdefault\u00bb transform_translate_linked__hover=\u00bboff\u00bb border_radii=\u00bbon|20px|20px|20px|20px\u00bb global_colors_info=\u00bb{}\u00bb transform_styles__hover_enabled=\u00bbon|hover\u00bb transform_scale__hover_enabled=\u00bbon|desktop\u00bb transform_translate__hover_enabled=\u00bbon transform_rotate__hover_enabled=\u00bbon|desktop\u00bb transform_skew__hover_enabled=\u00bbon|desktop\u00bb transform_origin__hover_enabled=\u00bbon|desktop\u00bb transform_translate__hover=&quot;0px|-10px&quot;][\/et_pb_video][\/et_pb_column][\/et_pb_row][\/et_pb_section][et_pb_section fb_built=&quot;1&quot; _builder_version=&quot;4.16&quot; _module_ global_colors_info=\u00bb{}\u00bb custom_padding=\u00bb||2px|||\u00bb][et_pb_row _builder_version=\u00bb4.16\u2033 _module_preset=\u00bbdefault\u00bb custom_padding=\u00bb7px||7px|||\u00bb global_colors_info=\u00bb{}\u00bb][ _builder_version=&quot;4.16&quot; _module_preset=&quot;default&quot; global_colors_info=&quot;{}&quot;][et_pb_text _builder_version=&quot;4.16&quot; _module_preset=&quot;default&quot; header_font=\u00bb|300||||||||\u00bb0_8 header_font_size=&quot;34px&quot; header_text_align_tablet=&quot;&quot; header_text_align_phone=&quot;justify&quot; header_text_align_last_edited=&quot;on|desktop&quot; header_font_size_tablet=&quot;28px&quot; header_font_size_phone=\u00bb2 header_font_size_last_edited=\u00bbon|phone\u00bb global_colors_info=\u00bb{}\u00bb]<\/p>\n<h1><span>dintre del marc global <strong>eMallorca Challenge,<\/strong> el passat juny es va celebrar <strong>el primer Eco Rallye Mallorca.<\/strong><\/span><\/h1>\n<p>[\/et_pb_text][\/et_pb_column][\/et_pb_row][et_pb_row column_structure=&quot;1_2,1_2&quot; _builder_version=&quot;4.16&quot; _module_preset=&quot;default&quot; width=&quot;65%&quot; module_alignment= custom_padding=&quot;0px||0px||false|false&quot; global_colors_info=&quot;{}&quot;][et_pb_column type=&quot;1_2&quot; _builder_version=&quot;4.16&quot; _module_preset=&quot;default&quot; global_colors_info=&quot;_}_}_][et_pb_text _module_preset=&quot;default&quot; text_font_size=&quot;16px&quot; custom_margin=&quot;0px||0px||false|false&quot; custom_padding=&quot;0px||0px||false|false&quot; global_colors_info=\u00bb{}\u00bb]<\/p>\n<p>En aquest esdeveniment esportiu van participar diferents equips amb vehicles h\u00edbrids i el\u00e8ctrics amb pilot i copilot i la competici\u00f3 mesura la regularitat en trams designats per l'organitzaci\u00f3 i el consum de cadascun dels vehicles.<\/p>\n<p>La jornada va estar formada per una etapa i dues seccions, un recorregut de 140km on els participants van rec\u00f3rrer les carreteres principals de l'illa.<\/p>\n<p>&nbsp;<\/p>\n<p>[\/et_pb_text][\/et_pb_column][et_pb_column type=&quot;1_2&quot; _builder_version=&quot;4.16&quot; _module_preset=&quot;default&quot; global_colors_info=&quot;{}&quot;][et_pb_text _builder_version=&quot;4.16&quot; _module text_font_size=\u00bb16px\u00bb global_colors_info=\u00bb{}\u00bb]<\/p>\n<div>\n<p>El recorregut va haver de ser executat en els temps marcats pel carnet de ruta, amb una velocitat mitjana sempre inferior a 50km\/hora i amb un interval entre cada equip de 60 segons, posant a prova la per\u00edcia dels pilots.<\/p>\n<p>El primer EcoRallye Mallorca va esdevenir l'aparador perfecte per als amants del motorsport i la sostenibilitat que mostra l'illa de Mallorca des d'una perspectiva m\u00e9s ecol\u00f2gica.<\/p>\n<\/div>\n<p>[\/et_pb_text][\/et_pb_column][\/et_pb_row][et_pb_row _builder_version=\u00bb4.16\u2033 _module_preset=\u00bbdefault\u00bb custom_padding=\u00bb||4px|||\u00bb global_colors_info=&quot;{}&quot;][et_pb_column type=&quot;4_4&quot; _builder_version=&quot;4.16&quot; _module_preset=&quot;default&quot; global_colors_info=&quot;{}&quot;][et_pb_text _builder_version=&quot;4.16&quot; _module_preset=\u00bb header_6_text_color=\u00bb#0082CB\u00bb header_6_font_size=\u00bb22px\u00bb global_colors_info=\u00bb{}\u00bb]<\/p>\n<h6>Tu tamb\u00e9 vols accelerar el canvi? Uneix-te a aquesta experi\u00e8ncia!<\/h6>\n<p>[\/et_pb_text][\/et_pb_column][\/et_pb_row][et_pb_row _builder_version=&quot;4.16&quot; _module_preset=&quot;default&quot; global_colors_info=&quot;{}&quot;][et_pb_column type=&quot;4_4&quot; _builder_version=\u00bb. global_colors_info=\u00bb{}\u00bb][et_pb_video src=\u00bbhttps:\/\/www.youtube.com\/watch?v=SGPIm0zaDkc&amp;ab_channel=eMallorcaExperienceWeek\u00bb _builder_version=\u00bb4.23.1\u2033 _module_preset=\u00bbdefault\u00bb border_radii=\u00bbon|20px|20px|20px|20px\u00bb global_colors_info=\u00bb{}\u00bb][\/et_pb_video][\/et_pb_column][\/et_pb_row][\/et_pb_section]<\/p>","protected":false},"excerpt":{"rendered":"<p>ECO RALLY MALLORCA 2021Dins del marc global eMallorca Challenge, el juny passat es va celebrar el primer Eco Rallye Mallorca.En aquest esdeveniment esportiu van participar diferents equips amb els seus vehicles h\u00edbrids i el\u00e8ctrics amb pilot i copilot i la competici\u00f3 mesura la regularitat en trams designats per l&#039;organitzaci\u00f3 i el consum de cadascun dels ]<\/p>","protected":false},"author":1,"featured_media":13,"parent":562,"menu_order":0,"comment_status":"closed","ping_status":"closed","template":"","meta":{"_et_pb_use_builder":"on","_et_pb_old_content":"","_et_gb_content_width":"","_eb_attr":"","_uag_custom_page_level_css":"","footnotes":""},"class_list":["post-8","page","type-page","status-publish","has-post-thumbnail","hentry"],"uagb_featured_image_src":{"full":["https:\/\/www.ecorallyemallorca.com\/wp-content\/uploads\/2021\/05\/000-ECORALLYE-MALLORCA-PLACA-2021_Mesa-de-trabajo-1-02.png",3282,1621,false],"thumbnail":["https:\/\/www.ecorallyemallorca.com\/wp-content\/uploads\/2021\/05\/000-ECORALLYE-MALLORCA-PLACA-2021_Mesa-de-trabajo-1-02-150x150.png",150,150,true],"medium":["https:\/\/www.ecorallyemallorca.com\/wp-content\/uploads\/2021\/05\/000-ECORALLYE-MALLORCA-PLACA-2021_Mesa-de-trabajo-1-02-300x148.png",300,148,true],"medium_large":["https:\/\/www.ecorallyemallorca.com\/wp-content\/uploads\/2021\/05\/000-ECORALLYE-MALLORCA-PLACA-2021_Mesa-de-trabajo-1-02-768x379.png",768,379,true],"large":["https:\/\/www.ecorallyemallorca.com\/wp-content\/uploads\/2021\/05\/000-ECORALLYE-MALLORCA-PLACA-2021_Mesa-de-trabajo-1-02-1024x506.png",1024,506,true],"1536x1536":["https:\/\/www.ecorallyemallorca.com\/wp-content\/uploads\/2021\/05\/000-ECORALLYE-MALLORCA-PLACA-2021_Mesa-de-trabajo-1-02-1536x759.png",1536,759,true],"2048x2048":["https:\/\/www.ecorallyemallorca.com\/wp-content\/uploads\/2021\/05\/000-ECORALLYE-MALLORCA-PLACA-2021_Mesa-de-trabajo-1-02-2048x1012.png",2048,1012,true],"trp-custom-language-flag":["https:\/\/www.ecorallyemallorca.com\/wp-content\/uploads\/2021\/05\/000-ECORALLYE-MALLORCA-PLACA-2021_Mesa-de-trabajo-1-02.png",18,9,false],"et-pb-post-main-image":["https:\/\/www.ecorallyemallorca.com\/wp-content\/uploads\/2021\/05\/000-ECORALLYE-MALLORCA-PLACA-2021_Mesa-de-trabajo-1-02-400x250.png",400,250,true],"et-pb-post-main-image-fullwidth":["https:\/\/www.ecorallyemallorca.com\/wp-content\/uploads\/2021\/05\/000-ECORALLYE-MALLORCA-PLACA-2021_Mesa-de-trabajo-1-02-1080x675.png",1080,675,true],"et-pb-portfolio-image":["https:\/\/www.ecorallyemallorca.com\/wp-content\/uploads\/2021\/05\/000-ECORALLYE-MALLORCA-PLACA-2021_Mesa-de-trabajo-1-02-400x284.png",400,284,true],"et-pb-portfolio-module-image":["https:\/\/www.ecorallyemallorca.com\/wp-content\/uploads\/2021\/05\/000-ECORALLYE-MALLORCA-PLACA-2021_Mesa-de-trabajo-1-02-510x382.png",510,382,true],"et-pb-portfolio-image-single":["https:\/\/www.ecorallyemallorca.com\/wp-content\/uploads\/2021\/05\/000-ECORALLYE-MALLORCA-PLACA-2021_Mesa-de-trabajo-1-02-1080x533.png",1080,533,true],"et-pb-gallery-module-image-portrait":["https:\/\/www.ecorallyemallorca.com\/wp-content\/uploads\/2021\/05\/000-ECORALLYE-MALLORCA-PLACA-2021_Mesa-de-trabajo-1-02-400x516.png",400,516,true],"et-pb-post-main-image-fullwidth-large":["https:\/\/www.ecorallyemallorca.com\/wp-content\/uploads\/2021\/05\/000-ECORALLYE-MALLORCA-PLACA-2021_Mesa-de-trabajo-1-02-2880x1621.png",2880,1621,true],"et-pb-image--responsive--desktop":["https:\/\/www.ecorallyemallorca.com\/wp-content\/uploads\/2021\/05\/000-ECORALLYE-MALLORCA-PLACA-2021_Mesa-de-trabajo-1-02-1280x632.png",1280,632,true],"et-pb-image--responsive--tablet":["https:\/\/www.ecorallyemallorca.com\/wp-content\/uploads\/2021\/05\/000-ECORALLYE-MALLORCA-PLACA-2021_Mesa-de-trabajo-1-02-980x484.png",980,484,true],"et-pb-image--responsive--phone":["https:\/\/www.ecorallyemallorca.com\/wp-content\/uploads\/2021\/05\/000-ECORALLYE-MALLORCA-PLACA-2021_Mesa-de-trabajo-1-02-480x237.png",480,237,true]},"uagb_author_info":{"display_name":"carlosalonso","author_link":"https:\/\/www.ecorallyemallorca.com\/ca\/author\/carlosalonso\/"},"uagb_comment_info":0,"uagb_excerpt":"ECO RALLY MALLORCA 2021Dentro del marco global eMallorca Challenge, el pasado junio se celebr\u00f3 el primer Eco Rallye Mallorca.En este evento deportivo participaron diferentes equipos con sus veh\u00edculos h\u00edbridos y el\u00e9ctricos con piloto y copiloto y la competici\u00f3n mide la regularidad en tramos designados por la organizaci\u00f3n y el consumo de cada uno de los&hellip;","_links":{"self":[{"href":"https:\/\/www.ecorallyemallorca.com\/ca\/wp-json\/wp\/v2\/pages\/8","targetHints":{"allow":["GET"]}}],"collection":[{"href":"https:\/\/www.ecorallyemallorca.com\/ca\/wp-json\/wp\/v2\/pages"}],"about":[{"href":"https:\/\/www.ecorallyemallorca.com\/ca\/wp-json\/wp\/v2\/types\/page"}],"author":[{"embeddable":true,"href":"https:\/\/www.ecorallyemallorca.com\/ca\/wp-json\/wp\/v2\/users\/1"}],"replies":[{"embeddable":true,"href":"https:\/\/www.ecorallyemallorca.com\/ca\/wp-json\/wp\/v2\/comments?post=8"}],"version-history":[{"count":11,"href":"https:\/\/www.ecorallyemallorca.com\/ca\/wp-json\/wp\/v2\/pages\/8\/revisions"}],"predecessor-version":[{"id":785,"href":"https:\/\/www.ecorallyemallorca.com\/ca\/wp-json\/wp\/v2\/pages\/8\/revisions\/785"}],"up":[{"embeddable":true,"href":"https:\/\/www.ecorallyemallorca.com\/ca\/wp-json\/wp\/v2\/pages\/562"}],"wp:featuredmedia":[{"embeddable":true,"href":"https:\/\/www.ecorallyemallorca.com\/ca\/wp-json\/wp\/v2\/media\/13"}],"wp:attachment":[{"href":"https:\/\/www.ecorallyemallorca.com\/ca\/wp-json\/wp\/v2\/media?parent=8"}],"curies":[{"name":"wp","href":"https:\/\/api.w.org\/{rel}","templated":true}]}}