{"id":643,"date":"2024-01-16T17:21:29","date_gmt":"2024-01-16T17:21:29","guid":{"rendered":"https:\/\/www.ecorallyemallorca.com\/?page_id=643"},"modified":"2026-02-08T22:05:39","modified_gmt":"2026-02-08T22:05:39","slug":"ecorallye-mallorca-2024","status":"publish","type":"page","link":"https:\/\/www.ecorallyemallorca.com\/en\/archivo\/ecorallye-mallorca-2024\/","title":{"rendered":"Eco Rallye Mallorca 2024"},"content":{"rendered":"<p>[et_pb_section fb_built=\u00bb1\u2033 _builder_version=\u00bb4.17.3\u2033 _module_preset=\u00bbdefault\u00bb custom_padding=\u00bb24px||0px|||\u00bb global_colors_info=\u00bb{}\u00bb][et_pb_row _builder_version=\u00bb4.17.3\u2033 _module_preset=\u00bbdefault\u00bb custom_padding=\u00bb||0px|||\u00bb global_colors_info=\u00bb{}\u00bb][et_pb_column type=\u00bb4_4\u2033 _builder_version=\u00bb4.17.3\u2033 _module_preset=\u00bbdefault\u00bb global_colors_info=\u00bb{}\u00bb][et_pb_text _builder_version=\u00bb4.17.4\u2033 _module_preset=\u00bbdefault\u00bb text_font_size=\u00bb22px\u00bb header_font=\u00bb|300|||||||\u00bb header_text_color=\u00bb#0082CB\u00bb header_font_size=\u00bb34px\u00bb header_text_align_tablet=\u00bb\u00bb header_text_align_phone=\u00bbjustify\u00bb header_text_align_last_edited=\u00bbon|desktop\u00bb header_font_size_tablet=\u00bb28px\u00bb header_font_size_phone=\u00bb21px\u00bb header_font_size_last_edited=\u00bbon|phone\u00bb global_colors_info=\u00bb{}\u00bb]<\/p>\n<h1 style=\"text-align: center;\"><strong><span>Eco Rallye Mallorca Inca Ciutat<\/span><\/strong><\/h1>\n<div>\n<p align=\"center\"><strong><span lang=\"ES\">IV Edition <span>Eco Rallye Mallorca Inca Ciutat<\/span><\/span><\/strong><span lang=\"ES\">. Pioneering event in the Balearic Islands that combines sport, <em>sustainability and commitment to the environment.<\/em><o:p><\/o:p><\/span><\/p>\n<p align=\"center\"><span lang=\"ES\"><em><\/em><\/span><\/p>\n<\/div>\n<div>\n<p class=\"p2\" align=\"center\"><span lang=\"ES\">Inca, Neural Center \u00b7 Mountain roads with good grip, two-way and safe for driving.<o:p><\/o:p><\/span><\/p>\n<p class=\"p2\" align=\"center\"><span lang=\"ES\"><\/span><\/p>\n<\/div>\n<div>\n<p class=\"p2\" align=\"center\"><span lang=\"ES\">Varied tour of more than 50% of the island \u00b7 The best landscapes and towns in Mallorca.<o:p><\/o:p><\/span><\/p>\n<\/div>\n<div>\n<p class=\"p2\" align=\"center\"><span lang=\"ES\">Mobility challenge with night stage \u00b7 More than 300 KM of travel \u00b7 Complementary activities and events.<o:p><\/o:p><\/span><\/p>\n<\/div>\n<p style=\"text-align: center;\">\n<p style=\"text-align: center;\"><em><\/em><\/p>\n<p>[\/et_pb_text][\/et_pb_column][\/et_pb_row][\/et_pb_section][et_pb_section fb_built=\u00bb1\u2033 _builder_version=\u00bb4.23.1\u2033 _module_preset=\u00bbdefault\u00bb custom_padding=\u00bb0px||0px|||\u00bb global_colors_info=\u00bb{}\u00bb][et_pb_row _builder_version=\u00bb4.23.1\u2033 _module_preset=\u00bbdefault\u00bb global_colors_info=\u00bb{}\u00bb][et_pb_column type=\u00bb4_4\u2033 _builder_version=\u00bb4.23.1\u2033 _module_preset=\u00bbdefault\u00bb global_colors_info=\u00bb{}\u00bb][et_pb_button button_url=\u00bbhttps:\/\/webapp.sportity.com\/event\/ECOMALLORCA24\/9d3f858e-4b4f-4b30-a1db-f8668bbd5f8c\u00bb url_new_window=\u00bbon\u00bb button_text=\u00bbDOCUMENTATION\u00bb button_alignment=\u00bbcenter\u00bb _builder_version=\u00bb4.23.1\u2033 _module_preset=\u00bbdefault\u00bb global_colors_info=\u00bb{}\u00bb][\/et_pb_button][\/et_pb_column][\/et_pb_row][\/et_pb_section][et_pb_section fb_built=\u00bb1\u2033 _builder_version=\u00bb4.16\u2033 _module_preset=\u00bbdefault\u00bb custom_padding=\u00bb0px||57px|||\u00bb global_colors_info=\u00bb{}\u00bb][et_pb_row _builder_version=\u00bb4.16\u2033 _module_preset=\u00bbdefault\u00bb custom_padding=\u00bb7px||7px|||\u00bb global_colors_info=\u00bb{}\u00bb][et_pb_column type=\u00bb4_4\u2033 _builder_version=\u00bb4.16\u2033 _module_preset=\u00bbdefault\u00bb global_colors_info=\u00bb{}\u00bb][et_pb_text _builder_version=\u00bb4.23.1\u2033 _module_preset=\u00bbdefault\u00bb header_font=\u00bb|300|||||||\u00bb header_text_color=\u00bb#0082CB\u00bb header_font_size=\u00bb34px\u00bb header_2_font=\u00bb|300|||||||\u00bb header_2_text_color=\u00bb#0082CB\u00bb header_2_font_size=\u00bb34px\u00bb header_text_align_tablet=\u00bb\u00bb header_text_align_phone=\u00bbjustify\u00bb header_text_align_last_edited=\u00bbon|desktop\u00bb header_font_size_tablet=\u00bb28px\u00bb header_font_size_phone=\u00bb21px\u00bb header_font_size_last_edited=\u00bbon|phone\u00bb header_2_text_align_tablet=\u00bb\u00bb header_2_text_align_phone=\u00bbjustify\u00bb header_2_text_align_last_edited=\u00bbon|desktop\u00bb header_2_font_size_tablet=\u00bb28px\u00bb header_2_font_size_phone=\u00bb21px\u00bb header_2_font_size_last_edited=\u00bbon|phone\u00bb global_colors_info=\u00bb{}\u00bb]<\/p>\n<h2 style=\"text-align: center;\">The <strong><span>Eco Rallye Mallorca Inca Ciutat<\/span><\/strong> is part of the multidisciplinary project <strong>eMallorca Experience.<\/strong><\/h2>\n<h2><strong>\u00a0<\/strong><\/h2>\n<p><strong><\/strong><\/p>\n<p>[\/et_pb_text][\/et_pb_column][\/et_pb_row][et_pb_row _builder_version=\u00bb4.23.1\u2033 _module_preset=\u00bbdefault\u00bb width=\u00bb65%\u00bb module_alignment=\u00bbcenter\u00bb custom_padding=\u00bb0px||0px||false|false\u00bb global_colors_info=\u00bb{}\u00bb][et_pb_column type=\u00bb4_4\u2033 _builder_version=\u00bb4.16\u2033 _module_preset=\u00bbdefault\u00bb global_colors_info=\u00bb{}\u00bb][et_pb_text _builder_version=\u00bb4.23.1\u2033 _module_preset=\u00bbdefault\u00bb text_font_size=\u00bb18px\u00bb custom_margin=\u00bb0px||0px||false|false\u00bb custom_padding=\u00bb0px||0px||false|false\u00bb global_colors_info=\u00bb{}\u00bb]<\/p>\n<p style=\"font-weight: 400;\">Fourth edition of this test, which in 2024 continues to be scored for the <strong>Spanish Alternative Energy Championship<\/strong>. This is a federated automobile test, where participating teams measure their driving skills to be as efficient as possible. <strong>Consumption and regularity are measured<\/strong> when driving on the road at an average speed of around 50km\/h. The vehicles used are <strong>hybrid and\/or electric serie cars<\/strong>. Roads of <strong>Majorca<\/strong> receive the best national and local pilots with the presence of several prominent figures in society.<\/p>\n<p>[\/et_pb_text][\/et_pb_column][\/et_pb_row][et_pb_row _builder_version=\u00bb4.16\u2033 _module_preset=\u00bbdefault\u00bb custom_padding=\u00bb||4px|||\u00bb global_colors_info=\u00bb{}\u00bb][et_pb_column type=\u00bb4_4\u2033 _builder_version=\u00bb4.16\u2033 _module_preset=\u00bbdefault\u00bb global_colors_info=\u00bb{}\u00bb][et_pb_text _builder_version=\u00bb4.17.3\u2033 _module_preset=\u00bbdefault\u00bb text_text_color=\u00bb#0C71C3\u2033 text_font_size=\u00bb24px\u00bb header_4_text_align=\u00bbcenter\u00bb header_4_text_color=\u00bb#0082CB\u00bb header_4_font_size=\u00bb22px\u00bb header_6_text_align=\u00bbcenter\u00bb header_6_text_color=\u00bb#0082CB\u00bb header_6_font_size=\u00bb22px\u00bb text_orientation=\u00bbcenter\u00bb global_colors_info=\u00bb{}\u00bb]<\/p>\n<p>Do you also want to accelerate the change? Join this experience!<\/p>\n<p>[\/et_pb_text][\/et_pb_column][\/et_pb_row][\/et_pb_section][et_pb_section fb_built=\u00bb1\u2033 _builder_version=\u00bb4.23.1\u2033 _module_preset=\u00bbdefault\u00bb background_color=\u00bb#FFFFFF\u00bb custom_margin=\u00bb0px|0px|0px|0px|false|false\u00bb custom_padding=\u00bb0px|0px|0px|0px|false|false\u00bb global_colors_info=\u00bb{}\u00bb][et_pb_row column_structure=\u00bb1_2,1_2\u2033 _builder_version=\u00bb4.23.1\u2033 _module_preset=\u00bbdefault\u00bb width_tablet=\u00bb\u00bb width_phone=\u00bb100%\u00bb width_last_edited=\u00bbon|phone\u00bb global_colors_info=\u00bb{}\u00bb][et_pb_column type=\u00bb1_2\u2033 _builder_version=\u00bb4.16\u2033 _module_preset=\u00bbdefault\u00bb global_colors_info=\u00bb{}\u00bb][et_pb_image src=\u00bbhttps:\/\/www.ecorallyemallorca.com\/wp-content\/uploads\/2024\/03\/000-CARTEL-ECORALLYE-MALLORCA-2024-MARZO.jpg\u00bb title_text=\u00bb000 ECORALLYE MALLORCA 2024 POSTER (MARCH)\u00bb show_bottom_space=\u00bboff\u00bb align=\u00bbcenter\u00bb _builder_version=\u00bb4.23.1\u2033 _module_preset=\u00bbdefault\u00bb width_phone=\u00bb100%\u00bb width_last_edited=\u00bboff|phone\u00bb max_width_tablet=\u00bb\u00bb max_width_phone=\u00bb85%\u00bb max_width_last_edited=\u00bbon|desktop\u00bb custom_padding=\u00bb|0px||0px|true|true\u00bb border_radii=\u00bbon|20px|20px|20px|20px\u00bb border_width_all=\u00bb3px\u00bb border_color_all=\u00bb#0082ca\u00bb locked=\u00bboff\u00bb global_colors_info=\u00bb{}\u00bb][\/et_pb_image][\/et_pb_column][et_pb_column type=\u00bb1_2\u2033 _builder_version=\u00bb4.23.1\u2033 _module_preset=\u00bbdefault\u00bb global_colors_info=\u00bb{}\u00bb][et_pb_video src=\u00bbhttps:\/\/www.youtube.com\/watch?v=uNfDoiG_DVE\u00bb _builder_version=\u00bb4.23.1\u2033 _module_preset=\u00bbdefault\u00bb max_width_tablet=\u00bb\u00bb max_width_phone=\u00bb85%\u00bb max_width_last_edited=\u00bbon|phone\u00bb module_alignment=\u00bbcenter\u00bb border_radii=\u00bbon|20px|20px|20px|20px\u00bb global_colors_info=\u00bb{}\u00bb][\/et_pb_video][et_pb_image src=\u00bbhttps:\/\/www.ecorallyemallorca.com\/wp-content\/uploads\/2022\/11\/BANNER-ECORALLYE.jpg\u00bb title_text=\u00bbBANNER ECORALLYE\u00bb url=\u00bb@ET-DC@eyJkeW5hbWljIjp0cnVlLCJjb250ZW50IjoicG9zdF9saW5rX3VybF93cGRtcHJvIiwic2V0dGluZ3MiOnsicG9zdF9pZCI6IjQ2OSJ9fQ==@\u00bb _builder_version=\u00bb4.23.1\u2033 _dynamic_attributes=\u00bburl\u00bb _module_preset=\u00bbdefault\u00bb max_width=\u00bb100%\u00bb max_width_tablet=\u00bb100%\u00bb max_width_phone=\u00bb85%\u00bb max_width_last_edited=\u00bbon|phone\u00bb custom_margin=\u00bb||4px|||\u00bb module_alignment_tablet=\u00bb\u00bb module_alignment_phone=\u00bbcenter\u00bb module_alignment_last_edited=\u00bbon|desktop\u00bb border_radii=\u00bbon|20px|20px|20px|20px\u00bb global_colors_info=\u00bb{}\u00bb][\/et_pb_image][\/et_pb_column][\/et_pb_row][\/et_pb_section][et_pb_section fb_built=\u00bb1\u2033 _builder_version=\u00bb4.23.1\u2033 _module_preset=\u00bbdefault\u00bb custom_margin=\u00bb||-152px|||\u00bb custom_padding=\u00bb0px||90px||false|false\u00bb global_colors_info=\u00bb{}\u00bb][et_pb_row _builder_version=\u00bb4.23.1\u2033 _module_preset=\u00bbdefault\u00bb global_colors_info=\u00bb{}\u00bb][et_pb_column type=\u00bb4_4\u2033 _builder_version=\u00bb4.23.1\u2033 _module_preset=\u00bbdefault\u00bb global_colors_info=\u00bb{}\u00bb][et_pb_text _builder_version=\u00bb4.23.1\u2033 _module_preset=\u00bbdefault\u00bb text_text_color=\u00bb#0C71C3\u2033 text_font_size=\u00bb17px\u00bb header_3_text_align=\u00bbcenter\u00bb header_3_text_color=\u201d#0C71C3\u2033 header_3_font_size=\u00bb26px\u00bb custom_margin=\u00bb||-4px|||\u00bb global_colors_info=\u00bb{}\u00bb]<\/p>\n<h3><span lang=\"ES\">Have you visited Mallorca? Do you want to know the benefits of this wonderful island?<\/span><\/h3>\n<h3><\/h3>\n<p>[\/et_pb_text][\/et_pb_column][\/et_pb_row][et_pb_row _builder_version=\u00bb4.23.1\u2033 _module_preset=\u00bbdefault\u00bb width=\u00bb50%\u00bb width_tablet=\u00bb50%\u00bb width_phone=\u00bb100%\u00bb width_last_edited=\u00bbon|phone\u00bb max_width=\u00bb2560px\u00bb global_colors_info=\u00bb{}\u00bb][et_pb_column type=\u00bb4_4\u2033 _builder_version=\u00bb4.23.1\u2033 _module_preset=\u00bbdefault\u00bb global_colors_info=\u00bb{}\u00bb][et_pb_image src=\u00bbhttps:\/\/www.ecorallyemallorca.com\/wp-content\/uploads\/2024\/03\/PANEL-CON-LOGOS-PARA-WEB-v2.png\u00bb title_text=\u00bbPANEL WITH LOGOS FOR WEB v2\u2033 src_tablet=\u00bbhttps:\/\/www.ecorallyemallorca.com\/wp-content\/uploads\/2024\/02\/PANEL-CON-LOGOS-PARA-WEB.png\u00bb src_phone=\u00bbhttps:\/\/www.ecorallyemallorca.com\/wp-content\/uploads\/2024\/02\/PANEL-CON-LOGOS-PARA-WEB.png\u00bb src_last_edited=\u00bbon|phone\u00bb _builder_version=\u00bb4.23.1\u2033 _module_preset=\u00bbdefault\u00bb custom_margin=\u00bb0px|0px|0px|0px|true|true\u00bb custom_padding=\u00bb0px|0px|0px|0px|true|true\u00bb global_colors_info=\u00bb{}\u00bb][\/et_pb_image][\/et_pb_column][\/et_pb_row][\/et_pb_section]<\/p>","protected":false},"excerpt":{"rendered":"<p>Eco Rallye Mallorca Inca Ciutat 4th Edition Eco Rallye Mallorca Inca Ciutat. A pioneering event in the Balearic Islands that combines sport, sustainability, and a commitment to the environment. Inca, the nerve center. Mountain roads with good grip, two-way roads, and safe driving. A varied route covering more than 500 kilometers of the island. [\u2026]<\/p>","protected":false},"author":2,"featured_media":0,"parent":562,"menu_order":0,"comment_status":"closed","ping_status":"closed","template":"","meta":{"_et_pb_use_builder":"on","_et_pb_old_content":"","_et_gb_content_width":"","_eb_attr":"","_uag_custom_page_level_css":"","footnotes":""},"class_list":["post-643","page","type-page","status-publish","hentry"],"uagb_featured_image_src":{"full":false,"thumbnail":false,"medium":false,"medium_large":false,"large":false,"1536x1536":false,"2048x2048":false,"trp-custom-language-flag":false,"et-pb-post-main-image":false,"et-pb-post-main-image-fullwidth":false,"et-pb-portfolio-image":false,"et-pb-portfolio-module-image":false,"et-pb-portfolio-image-single":false,"et-pb-gallery-module-image-portrait":false,"et-pb-post-main-image-fullwidth-large":false,"et-pb-image--responsive--desktop":false,"et-pb-image--responsive--tablet":false,"et-pb-image--responsive--phone":false},"uagb_author_info":{"display_name":"Angel Sola","author_link":"https:\/\/www.ecorallyemallorca.com\/en\/author\/angel\/"},"uagb_comment_info":0,"uagb_excerpt":"Eco Rallye Mallorca Inca Ciutat IV Edici\u00f3n Eco Rallye Mallorca Inca Ciutat. Evento pionero en Baleares que a\u00fana deporte, sostenibilidad y compromiso con el medio ambiente. Inca , Centro Neur\u00e1lgico \u00b7 Carreteras de monta\u00f1a con buen agarre, de doble sentido y seguras para la conducci\u00f3n. Recorrido variado por m\u00e1s del 50% de la isla \u00b7&hellip;","_links":{"self":[{"href":"https:\/\/www.ecorallyemallorca.com\/en\/wp-json\/wp\/v2\/pages\/643","targetHints":{"allow":["GET"]}}],"collection":[{"href":"https:\/\/www.ecorallyemallorca.com\/en\/wp-json\/wp\/v2\/pages"}],"about":[{"href":"https:\/\/www.ecorallyemallorca.com\/en\/wp-json\/wp\/v2\/types\/page"}],"author":[{"embeddable":true,"href":"https:\/\/www.ecorallyemallorca.com\/en\/wp-json\/wp\/v2\/users\/2"}],"replies":[{"embeddable":true,"href":"https:\/\/www.ecorallyemallorca.com\/en\/wp-json\/wp\/v2\/comments?post=643"}],"version-history":[{"count":44,"href":"https:\/\/www.ecorallyemallorca.com\/en\/wp-json\/wp\/v2\/pages\/643\/revisions"}],"predecessor-version":[{"id":1331,"href":"https:\/\/www.ecorallyemallorca.com\/en\/wp-json\/wp\/v2\/pages\/643\/revisions\/1331"}],"up":[{"embeddable":true,"href":"https:\/\/www.ecorallyemallorca.com\/en\/wp-json\/wp\/v2\/pages\/562"}],"wp:attachment":[{"href":"https:\/\/www.ecorallyemallorca.com\/en\/wp-json\/wp\/v2\/media?parent=643"}],"curies":[{"name":"wp","href":"https:\/\/api.w.org\/{rel}","templated":true}]}}